{"id":40148,"date":"2024-01-09T15:16:38","date_gmt":"2024-01-09T20:16:38","guid":{"rendered":"https:\/\/communityfoundations.ca\/events\/embracing-the-future-trends-in-volunteerism\/"},"modified":"2024-04-27T14:24:15","modified_gmt":"2024-04-27T18:24:15","slug":"embracing-the-future-trends-in-volunteerism","status":"publish","type":"event","link":"https:\/\/communityfoundations.ca\/fr\/events\/embracing-the-future-trends-in-volunteerism\/","title":{"rendered":"Vers l\u2019avenir : tendances en mati\u00e8re de b\u00e9n\u00e9volat"},"content":{"rendered":"\n<p>Les communaut\u00e9s \u00e9voluent, tout comme la mani\u00e8re dont les gens redonnent \u00e0 la soci\u00e9t\u00e9 et y participent. Que vous soyez un membre chevronn\u00e9 d\u2019une fondation communautaire ou que vous commenciez \u00e0 peine votre parcours dans la gestion des b\u00e9n\u00e9voles, cette s\u00e9ance vous permettra d\u2019obtenir des conseils pr\u00e9cieux, vous fournira des strat\u00e9gies concr\u00e8tes en mati\u00e8re de promotion du b\u00e9n\u00e9volat et vous encouragera \u00e0 faire prosp\u00e9rer le programme de b\u00e9n\u00e9volat de votre fondation communautaire. Cette s\u00e9ance sera anim\u00e9e par Alyssa Blais, <em>directrice, Engagement et services aux membres,<\/em> \u00e0 B\u00e9n\u00e9voles Canada.<\/p>\n\n\n\n<p><em>Dans le cadre de cette s\u00e9ance, vous serez amen\u00e9 \u00e0 :<\/em><\/p>\n\n\n\n<ul class=\"wp-block-list\">\n<li>D\u00e9couvrir les nouvelles tendances en mati\u00e8re de b\u00e9n\u00e9volat.<\/li>\n\n\n\n<li>\u00c9tablir de quelle mani\u00e8re votre fondation communautaire et vos b\u00e9n\u00e9ficiaires peuvent ressentir les effets de la p\u00e9nurie de b\u00e9n\u00e9voles.<\/li>\n\n\n\n<li>D\u00e9couvrir des m\u00e9thodes efficaces de garder vos b\u00e9n\u00e9voles et de reconna\u00eetre leur apport, afin de favoriser un sentiment d\u2019appartenance et d\u2019engagement.&nbsp;  &nbsp;&nbsp;&nbsp;&nbsp;<\/li>\n<\/ul>\n\n\n\n<p><strong><em>Cette s\u00e9ance est r\u00e9serv\u00e9e aux fondations communautaires du r\u00e9seau de FCC.<\/em><\/strong><\/p>\n\n\n<div class=\"wp-block-image\">\n<figure class=\"alignleft\"><img decoding=\"async\" src=\"https:\/\/lh7-us.googleusercontent.com\/dk6KX-cogrdON5eUiZKx5db3mFgd_baxPshWGjblg5_q_YEdiIH6IewR0gfBiXW-XOrrcha5T7lKAyzg3tMD9OM99UQKq1tsEn4Hy86BGZwfszqA5sa1o0ArHPE1-d7AOBMjtg_srF80Sci2TdEDRKs\" alt=\"\"\/><\/figure>\n<\/div>\n\n<div class=\"wp-block-image\">\n<figure class=\"alignleft size-full is-resized\"><img loading=\"lazy\" decoding=\"async\" width=\"655\" height=\"655\" src=\"https:\/\/communityfoundations.ca\/wp-content\/uploads\/2024\/01\/alliance2030purple.png\" alt=\"\" class=\"wp-image-41212\" style=\"width:156px;height:auto\" srcset=\"https:\/\/communityfoundations.ca\/wp-content\/uploads\/2024\/01\/alliance2030purple.png 655w, https:\/\/communityfoundations.ca\/wp-content\/uploads\/2024\/01\/alliance2030purple-300x300.png 300w, https:\/\/communityfoundations.ca\/wp-content\/uploads\/2024\/01\/alliance2030purple-150x150.png 150w\" sizes=\"auto, (max-width: 655px) 100vw, 655px\" \/><\/figure>\n<\/div>","protected":false},"excerpt":{"rendered":"<p>Les communaut\u00e9s \u00e9voluent, tout comme la mani\u00e8re dont les gens redonnent \u00e0 la soci\u00e9t\u00e9 et y participent. Que vous soyez un membre chevronn\u00e9 d\u2019une fondation communautaire ou que vous commenciez \u00e0 peine votre parcours dans la gestion des b\u00e9n\u00e9voles, cette s\u00e9ance vous permettra d\u2019obtenir des conseils pr\u00e9cieux, vous fournira des strat\u00e9gies concr\u00e8tes en mati\u00e8re de [&hellip;]<\/p>\n","protected":false},"featured_media":40144,"parent":0,"template":"","class_list":["post-40148","event","type-event","status-publish","has-post-thumbnail","hentry"],"acf":[],"_links":{"self":[{"href":"https:\/\/communityfoundations.ca\/fr\/wp-json\/wp\/v2\/event\/40148","targetHints":{"allow":["GET"]}}],"collection":[{"href":"https:\/\/communityfoundations.ca\/fr\/wp-json\/wp\/v2\/event"}],"about":[{"href":"https:\/\/communityfoundations.ca\/fr\/wp-json\/wp\/v2\/types\/event"}],"wp:featuredmedia":[{"embeddable":true,"href":"https:\/\/communityfoundations.ca\/fr\/wp-json\/wp\/v2\/media\/40144"}],"wp:attachment":[{"href":"https:\/\/communityfoundations.ca\/fr\/wp-json\/wp\/v2\/media?parent=40148"}],"curies":[{"name":"wp","href":"https:\/\/api.w.org\/{rel}","templated":true}]}}