{"id":40220,"date":"2024-01-15T10:55:41","date_gmt":"2024-01-15T15:55:41","guid":{"rendered":"https:\/\/communityfoundations.ca\/?post_type=event&#038;p=40220"},"modified":"2024-02-27T11:46:29","modified_gmt":"2024-02-27T16:46:29","slug":"batir-des-communautes-durables","status":"publish","type":"event","link":"https:\/\/communityfoundations.ca\/fr\/events\/batir-des-communautes-durables\/","title":{"rendered":"B\u00e2tir des communaut\u00e9s durables"},"content":{"rendered":"\n<p>Les communaut\u00e9s partout au pays subissent les effets du changement climatique. Dans le cadre de cette s\u00e9ance, nous nous pencherons sur les strat\u00e9gies et les pratiques exemplaires qui permettent aux fondations communautaires de cr\u00e9er un impact durable et de b\u00e2tir des communaut\u00e9s durables. Les participants et les participantes auront l\u2019occasion de d\u00e9couvrir la mani\u00e8re dont le d\u00e9veloppement durable peut avoir des retomb\u00e9es positives sur les \u00e9conomies locales et am\u00e9liorer la qualit\u00e9 de vie des citoyens. La s\u00e9ance sera anim\u00e9e par Katie Harper, conseill\u00e8re principale, Project Neutral.<\/p>\n\n\n\n<p><em>Dans le cadre de cette s\u00e9ance, vous serez amen\u00e9 \u00e0 :<\/em><\/p>\n\n\n\n<ul class=\"wp-block-list\">\n<li>Trouver des strat\u00e9gies efficaces pour amener divers membres de la communaut\u00e9 \u00e0 participer aux initiatives durables.<\/li>\n\n\n\n<li>Comprendre l\u2019importance de la g\u00e9rance environnementale dans la cr\u00e9ation de communaut\u00e9s durables.<\/li>\n\n\n\n<li>D\u00e9velopper des comp\u00e9tences pour \u00e9valuer et s\u00e9lectionner des projets qui contribuent \u00e0 la durabilit\u00e9 de la communaut\u00e9.<\/li>\n<\/ul>\n\n\n\n<p><strong><em>Cette s\u00e9ance est r\u00e9serv\u00e9e aux fondations communautaires du r\u00e9seau de FCC.<\/em><\/strong><\/p>\n\n\n<div class=\"wp-block-image\">\n<figure class=\"alignleft\"><img decoding=\"async\" src=\"https:\/\/lh7-us.googleusercontent.com\/2ThoLS31CU6JmLvrIS2u7Jt2XKKku_Fq18ZnpWowuKyaU_W2h7cKomh7YbyxGUaGTvjoPd2HjwcRwvWg6nuDpj3DOI4NbzoClRL_LiJ9d7lsc-08WZRiP5TYcGZwfXJTWXs0jWSJ4QNc2dUEqz_ecDU\" alt=\"\"\/><\/figure>\n<\/div>\n\n<div class=\"wp-block-image\">\n<figure class=\"alignleft size-large is-resized\"><img decoding=\"async\" src=\"https:\/\/images.squarespace-cdn.com\/content\/v1\/63c95e0540119b3e0c5b5a53\/521c60c6-e364-4272-bae0-18a9a5377bd9\/alliance2030purple.png?format=1000w\" alt=\"\" style=\"width:153px;height:auto\"\/><\/figure>\n<\/div>\n\n\n<p><\/p>\n\n\n\n<div style=\"height:100px\" aria-hidden=\"true\" class=\"wp-block-spacer\"><\/div>\n","protected":false},"excerpt":{"rendered":"<p>Les communaut\u00e9s partout au pays subissent les effets du changement climatique. Dans le cadre de cette s\u00e9ance, nous nous pencherons sur les strat\u00e9gies et les pratiques exemplaires qui permettent aux fondations communautaires de cr\u00e9er un impact durable et de b\u00e2tir des communaut\u00e9s durables. Les participants et les participantes auront l\u2019occasion de d\u00e9couvrir la mani\u00e8re dont [&hellip;]<\/p>\n","protected":false},"featured_media":40185,"parent":0,"template":"","class_list":["post-40220","event","type-event","status-publish","has-post-thumbnail","hentry"],"acf":[],"_links":{"self":[{"href":"https:\/\/communityfoundations.ca\/fr\/wp-json\/wp\/v2\/event\/40220","targetHints":{"allow":["GET"]}}],"collection":[{"href":"https:\/\/communityfoundations.ca\/fr\/wp-json\/wp\/v2\/event"}],"about":[{"href":"https:\/\/communityfoundations.ca\/fr\/wp-json\/wp\/v2\/types\/event"}],"wp:featuredmedia":[{"embeddable":true,"href":"https:\/\/communityfoundations.ca\/fr\/wp-json\/wp\/v2\/media\/40185"}],"wp:attachment":[{"href":"https:\/\/communityfoundations.ca\/fr\/wp-json\/wp\/v2\/media?parent=40220"}],"curies":[{"name":"wp","href":"https:\/\/api.w.org\/{rel}","templated":true}]}}