{"id":40226,"date":"2024-01-15T10:55:30","date_gmt":"2024-01-15T15:55:30","guid":{"rendered":"https:\/\/communityfoundations.ca\/?post_type=event&#038;p=40226"},"modified":"2024-02-27T11:49:43","modified_gmt":"2024-02-27T16:49:43","slug":"parcours-dintegration-des-membres-du-conseil-dadministration-101","status":"publish","type":"event","link":"https:\/\/communityfoundations.ca\/fr\/events\/parcours-dintegration-des-membres-du-conseil-dadministration-101\/","title":{"rendered":"Parcours d\u2019int\u00e9gration des membres du conseil d\u2019administration 101"},"content":{"rendered":"\n<p>Les membres du conseil d\u2019administration jouent un r\u00f4le essentiel dans la prosp\u00e9rit\u00e9 et l\u2019impact des fondations communautaires. Cette s\u00e9ance pr\u00e9sente une approche globale de l\u2019int\u00e9gration des nouveaux membres du conseil d\u2019administration, compte tenu du r\u00f4le essentiel qu\u2019ils jouent dans la prosp\u00e9rit\u00e9 des fondations communautaires. Ce webinaire propose des strat\u00e9gies pratiques et des pratiques exemplaires visant \u00e0 accueillir et \u00e0 int\u00e9grer de nouveaux membres dans votre conseil d\u2019administration, et ce, afin d\u2019assurer une transition harmonieuse et efficace de ceux-ci dans leurs fonctions. Cette s\u00e9ance est destin\u00e9e aux membres des conseils d\u2019administration et au personnel des fondations communautaires. Cette s\u00e9ance sera anim\u00e9e par <a href=\"https:\/\/www.leithwheeler.com\/team\/jerry-koonar\" data-type=\"link\" data-id=\"https:\/\/www.leithwheeler.com\/our-approach\/team\/jerry-koonar\">Jerry Koonar<\/a> et <a href=\"https:\/\/www.leithwheeler.com\/team\/mike-baker\">Mike Baker<\/a> \u00e0 <a href=\"https:\/\/www.leithwheeler.com\/\">Leith Wheeler<\/a>.<\/p>\n\n\n\n<p><em>Dans le cadre de cette s\u00e9ance, vous serez amen\u00e9 \u00e0 :<\/em><\/p>\n\n\n\n<ul class=\"wp-block-list\">\n<li>Apprendre \u00e0 bien communiquer avec les nouveaux membres de votre conseil d\u2019administration.<\/li>\n\n\n\n<li>D\u00e9couvrir des strat\u00e9gies concr\u00e8tes visant \u00e0 faire conna\u00eetre la vision et la mission de votre fondation aux nouveaux membres du conseil d\u2019administration.<\/li>\n\n\n\n<li>D\u00e9couvrir comment faire en sorte que les nouveaux membres du conseil d\u2019administration d\u00e9veloppent un sentiment d\u2019appartenance envers votre fondation communautaire.<\/li>\n<\/ul>\n\n\n\n<p><strong>Cette s\u00e9ance s\u2019adresse aux membres des conseils d\u2019administration et au personnel des fondations communautaires, et est offerte aux fondations communautaires du r\u00e9seau de FCC.<\/strong><\/p>\n\n\n\n<p><strong><img loading=\"lazy\" decoding=\"async\" src=\"https:\/\/lh7-us.googleusercontent.com\/dk6KX-cogrdON5eUiZKx5db3mFgd_baxPshWGjblg5_q_YEdiIH6IewR0gfBiXW-XOrrcha5T7lKAyzg3tMD9OM99UQKq1tsEn4Hy86BGZwfszqA5sa1o0ArHPE1-d7AOBMjtg_srF80Sci2TdEDRKs\" width=\"120\" height=\"130\"><\/strong><\/p>\n","protected":false},"excerpt":{"rendered":"<p>Les membres du conseil d\u2019administration jouent un r\u00f4le essentiel dans la prosp\u00e9rit\u00e9 et l\u2019impact des fondations communautaires. Cette s\u00e9ance pr\u00e9sente une approche globale de l\u2019int\u00e9gration des nouveaux membres du conseil d\u2019administration, compte tenu du r\u00f4le essentiel qu\u2019ils jouent dans la prosp\u00e9rit\u00e9 des fondations communautaires. Ce webinaire propose des strat\u00e9gies pratiques et des pratiques exemplaires visant [&hellip;]<\/p>\n","protected":false},"featured_media":40193,"parent":0,"template":"","class_list":["post-40226","event","type-event","status-publish","has-post-thumbnail","hentry"],"acf":[],"_links":{"self":[{"href":"https:\/\/communityfoundations.ca\/fr\/wp-json\/wp\/v2\/event\/40226","targetHints":{"allow":["GET"]}}],"collection":[{"href":"https:\/\/communityfoundations.ca\/fr\/wp-json\/wp\/v2\/event"}],"about":[{"href":"https:\/\/communityfoundations.ca\/fr\/wp-json\/wp\/v2\/types\/event"}],"wp:featuredmedia":[{"embeddable":true,"href":"https:\/\/communityfoundations.ca\/fr\/wp-json\/wp\/v2\/media\/40193"}],"wp:attachment":[{"href":"https:\/\/communityfoundations.ca\/fr\/wp-json\/wp\/v2\/media?parent=40226"}],"curies":[{"name":"wp","href":"https:\/\/api.w.org\/{rel}","templated":true}]}}