{"id":42149,"date":"2024-08-15T15:06:33","date_gmt":"2024-08-15T19:06:33","guid":{"rendered":"https:\/\/communityfoundations.ca\/?post_type=event&#038;p=42149"},"modified":"2024-08-19T13:39:16","modified_gmt":"2024-08-19T17:39:16","slug":"creer-votre-mouvement-de-generosite-communautaire-pour-une-mobilisation-durable","status":"publish","type":"event","link":"https:\/\/communityfoundations.ca\/fr\/events\/creer-votre-mouvement-de-generosite-communautaire-pour-une-mobilisation-durable\/","title":{"rendered":"Cr\u00e9er votre mouvement de g\u00e9n\u00e9rosit\u00e9 communautaire pour une mobilisation durable"},"content":{"rendered":"\n<p>Ce webinaire vous guidera dans votre fa\u00e7on de mobiliser votre communaut\u00e9 pour maximiser les dons et l\u2019impact tout au long de l\u2019ann\u00e9e gr\u00e2ce \u00e0 des strat\u00e9gies innovantes. Donnez \u00e0 votre fondation communautaire les moyens d\u2019optimiser le potentiel des journ\u00e9es de dons et des \u00e9v\u00e9nements de g\u00e9n\u00e9rosit\u00e9 communautaire afin d\u2019accro\u00eetre l\u2019entraide.&nbsp;<\/p>\n\n\n\n<p>Nous examinerons les donn\u00e9es, en soulignant les pr\u00e9f\u00e9rences des donateurs pour les causes locales, et nous \u00e9couterons les fondations communautaires qui ont tir\u00e9 parti des journ\u00e9es Mardi je donne, en particulier, pour lancer la saison des dons.<\/p>\n\n\n\n<p>Cette s\u00e9ance vous proposera une feuille de route simple pour mener un \u00e9v\u00e9nement de g\u00e9n\u00e9rosit\u00e9 communautaire r\u00e9ussi qui renforcera l\u2019environnement philanthropique dans votre r\u00e9gion en s\u2019appuyant sur les plans existants et en tirant profit de certaines occasions \u00e0 port\u00e9e de main.<\/p>\n\n\n\n<p><em>Au cours de cette s\u00e9ance, vous :<\/em><\/p>\n\n\n\n<ul class=\"wp-block-list\">\n<li>Explorerez des strat\u00e9gies de mobilisation communautaire pour optimiser les journ\u00e9es Mardi je donne;<\/li>\n\n\n\n<li>D\u00e9couvrirez comment concevoir des campagnes Mardi je donne efficaces, adapt\u00e9es \u00e0 votre fondation communautaire;<\/li>\n\n\n\n<li>Analyserez les donn\u00e9es sur les donateurs et les r\u00e9sultats de campagnes de financement organis\u00e9es dans les communaut\u00e9s.\u00a0<\/li>\n<\/ul>\n\n\n\n<p><strong><em>Cette s\u00e9ance est offerte aux fondations communautaires du r\u00e9seau FCC.<\/em><\/strong><\/p>\n\n\n\n<figure class=\"wp-block-image size-large is-resized\"><img loading=\"lazy\" decoding=\"async\" width=\"1024\" height=\"1024\" src=\"https:\/\/communityfoundations.ca\/wp-content\/uploads\/2024\/08\/image-1-1024x1024.png\" alt=\"\" class=\"wp-image-42150\" style=\"width:261px;height:auto\" srcset=\"https:\/\/communityfoundations.ca\/wp-content\/uploads\/2024\/08\/image-1-1024x1024.png 1024w, https:\/\/communityfoundations.ca\/wp-content\/uploads\/2024\/08\/image-1-300x300.png 300w, https:\/\/communityfoundations.ca\/wp-content\/uploads\/2024\/08\/image-1-150x150.png 150w, https:\/\/communityfoundations.ca\/wp-content\/uploads\/2024\/08\/image-1-768x768.png 768w, https:\/\/communityfoundations.ca\/wp-content\/uploads\/2024\/08\/image-1.png 1200w\" sizes=\"auto, (max-width: 1024px) 100vw, 1024px\" \/><\/figure>\n","protected":false},"excerpt":{"rendered":"<p>Ce webinaire vous guidera dans votre fa\u00e7on de mobiliser votre communaut\u00e9 pour maximiser les dons et l\u2019impact tout au long de l\u2019ann\u00e9e gr\u00e2ce \u00e0 des strat\u00e9gies innovantes. Donnez \u00e0 votre fondation communautaire les moyens d\u2019optimiser le potentiel des journ\u00e9es de dons et des \u00e9v\u00e9nements de g\u00e9n\u00e9rosit\u00e9 communautaire afin d\u2019accro\u00eetre l\u2019entraide.&nbsp; Nous examinerons les donn\u00e9es, en [&hellip;]<\/p>\n","protected":false},"featured_media":42345,"parent":0,"template":"","class_list":["post-42149","event","type-event","status-publish","has-post-thumbnail","hentry"],"acf":[],"_links":{"self":[{"href":"https:\/\/communityfoundations.ca\/fr\/wp-json\/wp\/v2\/event\/42149","targetHints":{"allow":["GET"]}}],"collection":[{"href":"https:\/\/communityfoundations.ca\/fr\/wp-json\/wp\/v2\/event"}],"about":[{"href":"https:\/\/communityfoundations.ca\/fr\/wp-json\/wp\/v2\/types\/event"}],"wp:featuredmedia":[{"embeddable":true,"href":"https:\/\/communityfoundations.ca\/fr\/wp-json\/wp\/v2\/media\/42345"}],"wp:attachment":[{"href":"https:\/\/communityfoundations.ca\/fr\/wp-json\/wp\/v2\/media?parent=42149"}],"curies":[{"name":"wp","href":"https:\/\/api.w.org\/{rel}","templated":true}]}}