{"id":42163,"date":"2024-08-15T15:14:27","date_gmt":"2024-08-15T19:14:27","guid":{"rendered":"https:\/\/communityfoundations.ca\/?post_type=event&#038;p=42163"},"modified":"2024-08-19T13:43:26","modified_gmt":"2024-08-19T17:43:26","slug":"une-exploration-de-la-sante-communautaire-et-de-lheritage-climatique","status":"publish","type":"event","link":"https:\/\/communityfoundations.ca\/fr\/events\/une-exploration-de-la-sante-communautaire-et-de-lheritage-climatique\/","title":{"rendered":"Une exploration de la sant\u00e9 communautaire et de l\u2019h\u00e9ritage climatique"},"content":{"rendered":"\n<p>Les communaut\u00e9s \u00e0 travers le Canada sont confront\u00e9es \u00e0 des d\u00e9fis sans pr\u00e9c\u00e9dent en raison des changements climatiques. Les personnes participant \u00e0 cette s\u00e9ance se pencheront sur les conclusions du document Our Community Legacy (Oakville Community Foundation). Ce rapport \u00e9clairant explore l\u2019intersection critique entre les changements climatiques et la sant\u00e9, offrant ainsi une perspective utile sur la fa\u00e7on dont les changements climatiques influent sur le bien-\u00eatre des communaut\u00e9s. Joignez-vous \u00e0 <strong>Wendy Rinella<\/strong>, cheffe de la direction pour Oakville Community Foundation, et \u00e0 <strong>Lisa Kohler<\/strong>, membre du conseil d\u2019administration de cette fondation, qui pr\u00e9senteront les conclusions de ce rapport. Elles discuteront des effets des changements climatiques sur la sant\u00e9 au sein de la communaut\u00e9, et aborderont un \u00e9ventail de r\u00e9percussions allant des probl\u00e8mes de sant\u00e9 physique \u00e0 l\u2019\u00e9coanxi\u00e9t\u00e9 associ\u00e9e aux changements climatiques.<\/p>\n\n\n\n<p>Au cours de cette s\u00e9ance, vous :<\/p>\n\n\n\n<ul class=\"wp-block-list\">\n<li>\u00c9tudierez les conclusions du rapport Our Community Legacy (Oakville Community Foundation);<\/li>\n\n\n\n<li>Approfondirez le sujet de l\u2019intersection critique entre le climat et la sant\u00e9;<\/li>\n\n\n\n<li>Explorerez les effets des changements climatiques sur la sant\u00e9 au sein de la communaut\u00e9, notamment l\u2019\u00e9ventail de r\u00e9percussions allant des probl\u00e8mes de sant\u00e9 physique \u00e0 l\u2019\u00e9coanxi\u00e9t\u00e9 associ\u00e9e aux changements climatiques.<\/li>\n<\/ul>\n\n\n\n<p><strong><em>Cette s\u00e9ance est offerte aux fondations communautaires du r\u00e9seau FCC.<\/em><\/strong><\/p>\n\n\n\n<p><strong><img loading=\"lazy\" decoding=\"async\" src=\"https:\/\/lh7-rt.googleusercontent.com\/docsz\/AD_4nXffpvtpT6i1PH2JZJWLh15nt_YbTbTDwwPjoTUSlPzEVQastZoOGjXRLtoOYsPfv8onrhxgHISVCjwtkJEvkD96a3a_cDLWuaLUJibuZSEO7Fko_8FWby76sfkaiIOO5npvyvM9TobFiinnNXxSIuM3Y2U?key=aFQs4ZNS0Qou3KUZOlSryQ\" width=\"152\" height=\"152\"><\/strong><\/p>\n","protected":false},"excerpt":{"rendered":"<p>Les communaut\u00e9s \u00e0 travers le Canada sont confront\u00e9es \u00e0 des d\u00e9fis sans pr\u00e9c\u00e9dent en raison des changements climatiques. Les personnes participant \u00e0 cette s\u00e9ance se pencheront sur les conclusions du document Our Community Legacy (Oakville Community Foundation). Ce rapport \u00e9clairant explore l\u2019intersection critique entre les changements climatiques et la sant\u00e9, offrant ainsi une perspective utile [&hellip;]<\/p>\n","protected":false},"featured_media":42337,"parent":0,"template":"","class_list":["post-42163","event","type-event","status-publish","has-post-thumbnail","hentry"],"acf":[],"_links":{"self":[{"href":"https:\/\/communityfoundations.ca\/fr\/wp-json\/wp\/v2\/event\/42163","targetHints":{"allow":["GET"]}}],"collection":[{"href":"https:\/\/communityfoundations.ca\/fr\/wp-json\/wp\/v2\/event"}],"about":[{"href":"https:\/\/communityfoundations.ca\/fr\/wp-json\/wp\/v2\/types\/event"}],"wp:featuredmedia":[{"embeddable":true,"href":"https:\/\/communityfoundations.ca\/fr\/wp-json\/wp\/v2\/media\/42337"}],"wp:attachment":[{"href":"https:\/\/communityfoundations.ca\/fr\/wp-json\/wp\/v2\/media?parent=42163"}],"curies":[{"name":"wp","href":"https:\/\/api.w.org\/{rel}","templated":true}]}}