{"id":42175,"date":"2024-08-15T15:11:42","date_gmt":"2024-08-15T19:11:42","guid":{"rendered":"https:\/\/communityfoundations.ca\/?post_type=event&#038;p=42175"},"modified":"2024-12-02T08:49:06","modified_gmt":"2024-12-02T13:49:06","slug":"maximiser-son-impact-strategies-pour-les-petites-fondations-communautaires","status":"publish","type":"event","link":"https:\/\/communityfoundations.ca\/fr\/events\/maximiser-son-impact-strategies-pour-les-petites-fondations-communautaires\/","title":{"rendered":"Maximiser son impact : strat\u00e9gies pour les petites fondations communautaires"},"content":{"rendered":"\n<p>Les petites fondations communautaires travaillent assid\u00fbment \u00e0 favoriser le d\u00e9veloppement communautaire malgr\u00e9 leurs ressources humaines et financi\u00e8res limit\u00e9es. Au cours de cette s\u00e9ance, nous explorerons les d\u00e9fis et les occasions uniques des fondations communautaires en milieu rural, et nous proposerons des id\u00e9es et des strat\u00e9gies pratiques pour am\u00e9liorer leur capacit\u00e9 et leur impact. Les personnes participantes d\u00e9couvriront le r\u00f4le essentiel que jouent les petites fondations dans le d\u00e9veloppement local et la r\u00e9ponse aux besoins des communaut\u00e9s. Nous discuterons \u00e9galement des m\u00e9thodes efficaces pour accro\u00eetre la capacit\u00e9 op\u00e9rationnelle, comme la mobilisation de b\u00e9n\u00e9voles, la mise en place de partenariats strat\u00e9giques et l\u2019utilisation de la technologie. Joignez-vous \u00e0 <strong>Thiloma Hofer<\/strong>, directrice g\u00e9n\u00e9rale de <em>la Columbia Valley Community Foundation<\/em>, qui vous fera part de ses exp\u00e9riences \u00e0 la t\u00eate de sa fondation et des le\u00e7ons qu\u2019elle a tir\u00e9es en cours de route.<\/p>\n\n\n\n<p><em>Au cours de cette s\u00e9ance, vous :<\/em><\/p>\n\n\n\n<ul class=\"wp-block-list\">\n<li>Explorerez le r\u00f4le que jouent les petites fondations communautaires dans le d\u00e9veloppement communautaire;<\/li>\n\n\n\n<li>Discuterez des d\u00e9fis que rencontrent les petites fondations communautaires en raison de leurs ressources humaines et financi\u00e8res limit\u00e9es, ainsi que des occasions qui en d\u00e9coulent;<\/li>\n\n\n\n<li>D\u00e9couvrirez les meilleures pratiques que les fondations communautaires en milieu rural peuvent adopter pour accro\u00eetre leur rayonnement et leur capacit\u00e9.<\/li>\n<\/ul>\n\n\n\n<p><strong><em>Cette s\u00e9ance est offerte aux fondations communautaires du r\u00e9seau FCC.<\/em><\/strong><\/p>\n\n\n\n<figure class=\"wp-block-image is-resized\"><img decoding=\"async\" src=\"https:\/\/lh7-rt.googleusercontent.com\/docsz\/AD_4nXfpZcL36Ga9jsp91D6la3ZDEc3FfzdlBAUyEPbZhikLvU0_4aOPNuiC3AtrCMK_w3lVtc8dRST5BSQb1Q0GvHSfoPWMVrcLyWwaxyaPvdj-49XpdggZceQa8twoiZ0FEyOhbsFrRU6Jm6a74KR24OkFWiAr?key=aFQs4ZNS0Qou3KUZOlSryQ\" alt=\"\" style=\"width:199px;height:auto\"\/><\/figure>\n","protected":false},"excerpt":{"rendered":"<p>Les petites fondations communautaires travaillent assid\u00fbment \u00e0 favoriser le d\u00e9veloppement communautaire malgr\u00e9 leurs ressources humaines et financi\u00e8res limit\u00e9es. Au cours de cette s\u00e9ance, nous explorerons les d\u00e9fis et les occasions uniques des fondations communautaires en milieu rural, et nous proposerons des id\u00e9es et des strat\u00e9gies pratiques pour am\u00e9liorer leur capacit\u00e9 et leur impact. Les personnes [&hellip;]<\/p>\n","protected":false},"featured_media":43050,"parent":0,"template":"","class_list":["post-42175","event","type-event","status-publish","has-post-thumbnail","hentry"],"acf":[],"_links":{"self":[{"href":"https:\/\/communityfoundations.ca\/fr\/wp-json\/wp\/v2\/event\/42175","targetHints":{"allow":["GET"]}}],"collection":[{"href":"https:\/\/communityfoundations.ca\/fr\/wp-json\/wp\/v2\/event"}],"about":[{"href":"https:\/\/communityfoundations.ca\/fr\/wp-json\/wp\/v2\/types\/event"}],"wp:featuredmedia":[{"embeddable":true,"href":"https:\/\/communityfoundations.ca\/fr\/wp-json\/wp\/v2\/media\/43050"}],"wp:attachment":[{"href":"https:\/\/communityfoundations.ca\/fr\/wp-json\/wp\/v2\/media?parent=42175"}],"curies":[{"name":"wp","href":"https:\/\/api.w.org\/{rel}","templated":true}]}}