{"id":43237,"date":"2025-01-13T10:25:19","date_gmt":"2025-01-13T15:25:19","guid":{"rendered":"https:\/\/communityfoundations.ca\/?post_type=event&#038;p=43237"},"modified":"2025-02-04T11:25:39","modified_gmt":"2025-02-04T16:25:39","slug":"modifier-la-narration-pour-favoriser-le-changement","status":"publish","type":"event","link":"https:\/\/communityfoundations.ca\/fr\/events\/modifier-la-narration-pour-favoriser-le-changement\/","title":{"rendered":"Modifier la narration pour favoriser le changement"},"content":{"rendered":"\n<p>Rejoignez Inda&nbsp;Intiar, r\u00e9cipiendaire de la Bourse en narration transformationnelle de<strong> FCC<\/strong>, pour \u00e9tudier la narration en tant qu\u2019outil puissant pour la justice sociale et la compr\u00e9hension des probl\u00e8mes de la communaut\u00e9. \u00c0 l\u2019aide d\u2019exemples tir\u00e9s du r\u00e9seau de FCC, les participant\u00b7e\u00b7s d\u00e9couvriront comment la narration peut r\u00e9pondre \u00e0 des questions sociales complexes, amplifier les voix des communaut\u00e9s et favoriser la transformation syst\u00e9mique.&nbsp;<\/p>\n\n\n\n<p>Dans le cadre de cette s\u00e9ance, vous pourrez&nbsp;:<\/p>\n\n\n\n<ul class=\"wp-block-list\">\n<li>Apprendre \u00e0 utiliser la narration comme outil de travail<\/li>\n\n\n\n<li>Utiliser la communication pour favoriser une meilleure compr\u00e9hension, \u00e9tablir des liens et impliquer les communaut\u00e9s de mani\u00e8re plus significative.<\/li>\n<\/ul>\n\n\n\n<p><strong><em>Cette s\u00e9ance est r\u00e9serv\u00e9e aux fondations communautaires du r\u00e9seau de FCC et FPC.<\/em><\/strong><\/p>\n\n\n\n<figure class=\"wp-block-image size-full is-resized\"><img loading=\"lazy\" decoding=\"async\" width=\"850\" height=\"850\" src=\"https:\/\/communityfoundations.ca\/wp-content\/uploads\/2023\/08\/F_SDG-goals_icons-individual-rgb-17.png\" alt=\"\" class=\"wp-image-38998\" style=\"width:248px;height:auto\" srcset=\"https:\/\/communityfoundations.ca\/wp-content\/uploads\/2023\/08\/F_SDG-goals_icons-individual-rgb-17.png 850w, https:\/\/communityfoundations.ca\/wp-content\/uploads\/2023\/08\/F_SDG-goals_icons-individual-rgb-17-300x300.png 300w, https:\/\/communityfoundations.ca\/wp-content\/uploads\/2023\/08\/F_SDG-goals_icons-individual-rgb-17-150x150.png 150w, https:\/\/communityfoundations.ca\/wp-content\/uploads\/2023\/08\/F_SDG-goals_icons-individual-rgb-17-768x768.png 768w\" sizes=\"auto, (max-width: 850px) 100vw, 850px\" \/><\/figure>\n","protected":false},"excerpt":{"rendered":"<p>Rejoignez Inda&nbsp;Intiar, r\u00e9cipiendaire de la Bourse en narration transformationnelle de FCC, pour \u00e9tudier la narration en tant qu\u2019outil puissant pour la justice sociale et la compr\u00e9hension des probl\u00e8mes de la communaut\u00e9. \u00c0 l\u2019aide d\u2019exemples tir\u00e9s du r\u00e9seau de FCC, les participant\u00b7e\u00b7s d\u00e9couvriront comment la narration peut r\u00e9pondre \u00e0 des questions sociales complexes, amplifier les voix [&hellip;]<\/p>\n","protected":false},"featured_media":43359,"parent":0,"template":"","class_list":["post-43237","event","type-event","status-publish","has-post-thumbnail","hentry"],"acf":[],"_links":{"self":[{"href":"https:\/\/communityfoundations.ca\/fr\/wp-json\/wp\/v2\/event\/43237","targetHints":{"allow":["GET"]}}],"collection":[{"href":"https:\/\/communityfoundations.ca\/fr\/wp-json\/wp\/v2\/event"}],"about":[{"href":"https:\/\/communityfoundations.ca\/fr\/wp-json\/wp\/v2\/types\/event"}],"wp:featuredmedia":[{"embeddable":true,"href":"https:\/\/communityfoundations.ca\/fr\/wp-json\/wp\/v2\/media\/43359"}],"wp:attachment":[{"href":"https:\/\/communityfoundations.ca\/fr\/wp-json\/wp\/v2\/media?parent=43237"}],"curies":[{"name":"wp","href":"https:\/\/api.w.org\/{rel}","templated":true}]}}