{"id":43255,"date":"2025-01-13T10:25:38","date_gmt":"2025-01-13T15:25:38","guid":{"rendered":"https:\/\/communityfoundations.ca\/?post_type=event&#038;p=43255"},"modified":"2025-03-12T14:19:26","modified_gmt":"2025-03-12T18:19:26","slug":"defense-des-interets-des-fondations-communautaires","status":"publish","type":"event","link":"https:\/\/communityfoundations.ca\/fr\/events\/defense-des-interets-des-fondations-communautaires\/","title":{"rendered":"D\u00e9fense des int\u00e9r\u00eats des fondations communautaires"},"content":{"rendered":"\n<p>Rejoignez Sarah Kim, directrice principale de l\u2019action sociale et de l\u2019engagement \u00e0 la <strong>Vancouver Foundation<\/strong>, Stacy Kelly, directrice principale de la <strong>Community Foundation of Kingston &amp; Area<\/strong> et Lynne Short, vice-pr\u00e9sidente de la <strong>Waterloo Region Community Foundation<\/strong> pour d\u00e9couvrir comment les fondations communautaires qui se sont lanc\u00e9es dans l\u2019action sociale, motiv\u00e9es par des facteurs tels que les donn\u00e9es des rapports Signes vitaux, l\u2019engagement des donateurs, les coalitions et les partenariats avec des organismes locaux \u00e0 but non lucratif, s\u2019y prennent pour d\u00e9fendre leurs int\u00e9r\u00eats.&nbsp;<\/p>\n\n\n\n<p>Les fondations communautaires continuent d\u2019analyser et de comprendre les r\u00e9glementations de l\u2019Agence du revenu du Canada (ARC) relatives \u00e0 l\u2019activit\u00e9 politique et \u00e0 l\u2019\u00e9quilibre entre les efforts de plaidoyer et les besoins et capacit\u00e9s de la communaut\u00e9. Cette s\u00e9ance portera sur les avantages de l\u2019engagement dans la d\u00e9fense des int\u00e9r\u00eats de la communaut\u00e9. Dans le cadre de cette s\u00e9ance, vous pourrez&nbsp;:<\/p>\n\n\n\n<ul class=\"wp-block-list\">\n<li>\u00c9changer sur les d\u00e9fis et les obstacles rencontr\u00e9s en mati\u00e8re de plaidoyer.<\/li>\n\n\n\n<li>\u00c9couter l\u2019histoire d\u2019exemples inspirants de fondations communautaires qui ont r\u00e9ussi \u00e0 int\u00e9grer la d\u00e9fense des int\u00e9r\u00eats dans leur travail.<\/li>\n\n\n\n<li>&nbsp;Examiner le r\u00f4le des fondations communautaires dans la participation aux activit\u00e9s de plaidoyer.&nbsp;<\/li>\n<\/ul>\n\n\n\n<p><strong><em>Cette s\u00e9ance est r\u00e9serv\u00e9e aux fondations communautaires du r\u00e9seau de FCC.<\/em><\/strong><\/p>\n\n\n\n<figure class=\"wp-block-image size-large is-resized\"><img decoding=\"async\" src=\"https:\/\/www.centraider.org\/wp-content\/uploads\/sites\/3\/2018\/11\/16-pais-justice-institution-efficaces-400x400.png\" alt=\"\" style=\"width:219px;height:auto\"\/><\/figure>\n\n\n\n<p><\/p>\n","protected":false},"excerpt":{"rendered":"<p>Rejoignez Sarah Kim, directrice principale de l\u2019action sociale et de l\u2019engagement \u00e0 la Vancouver Foundation, Stacy Kelly, directrice principale de la Community Foundation of Kingston &amp; Area et Lynne Short, vice-pr\u00e9sidente de la Waterloo Region Community Foundation pour d\u00e9couvrir comment les fondations communautaires qui se sont lanc\u00e9es dans l\u2019action sociale, motiv\u00e9es par des facteurs tels [&hellip;]<\/p>\n","protected":false},"featured_media":43371,"parent":0,"template":"","class_list":["post-43255","event","type-event","status-publish","has-post-thumbnail","hentry"],"acf":[],"_links":{"self":[{"href":"https:\/\/communityfoundations.ca\/fr\/wp-json\/wp\/v2\/event\/43255","targetHints":{"allow":["GET"]}}],"collection":[{"href":"https:\/\/communityfoundations.ca\/fr\/wp-json\/wp\/v2\/event"}],"about":[{"href":"https:\/\/communityfoundations.ca\/fr\/wp-json\/wp\/v2\/types\/event"}],"wp:featuredmedia":[{"embeddable":true,"href":"https:\/\/communityfoundations.ca\/fr\/wp-json\/wp\/v2\/media\/43371"}],"wp:attachment":[{"href":"https:\/\/communityfoundations.ca\/fr\/wp-json\/wp\/v2\/media?parent=43255"}],"curies":[{"name":"wp","href":"https:\/\/api.w.org\/{rel}","templated":true}]}}