{"id":46365,"date":"2026-02-24T19:15:58","date_gmt":"2026-02-25T00:15:58","guid":{"rendered":"https:\/\/communityfoundations.ca\/?post_type=event&#038;p=46365"},"modified":"2026-04-07T12:40:42","modified_gmt":"2026-04-07T16:40:42","slug":"les-nouvelles-locales-comme-infrastructure-communautaire-pourquoi-linformation-locale-est-essentielle-a-nos-communautes","status":"publish","type":"event","link":"https:\/\/communityfoundations.ca\/fr\/events\/les-nouvelles-locales-comme-infrastructure-communautaire-pourquoi-linformation-locale-est-essentielle-a-nos-communautes\/","title":{"rendered":"Pourquoi l\u2019information et les actualit\u00e9s locales sont essentielles \u00e0 nos communaut\u00e9s"},"content":{"rendered":"\n<p>Cette conversation informelle de type \u00ab fireside chat \u00bb s\u2019inscrit dans la continuit\u00e9 de la s\u00e9ance <em>Soutenir le journalisme local<\/em> pr\u00e9sent\u00e9e \u00e0 Illuminate 2025 et r\u00e9unit des dirigeant\u00b7e\u00b7s de fondations communautaires ainsi que des partenaires du secteur philanthropique afin de partager les d\u00e9veloppements r\u00e9cents et les occasions \u00e9mergentes. Les fondations communautaires explorent des fa\u00e7ons cr\u00e9atives d\u2019appuyer et de mobiliser leurs communaut\u00e9s autour des initiatives de nouvelles et de journalisme locaux, suscitant un int\u00e9r\u00eat croissant \u00e0 travers le r\u00e9seau.<\/p>\n\n\n\n<p>Ensemble, nous examinerons ce qui est en jeu pour les communaut\u00e9s lorsque les m\u00e9dias locaux disparaissent, les apprentissages tir\u00e9s des premiers projets, et les liens entre l\u2019information locale, Vital Signs et d\u2019autres initiatives de donn\u00e9es et de connaissances communautaires. Nous aborderons les nouvelles locales comme une infrastructure communautaire essentielle \u2014 favorisant la confiance, l\u2019acc\u00e8s \u00e0 une information cr\u00e9dible et en temps opportun, et une participation citoyenne \u00e9clair\u00e9e \u2014 et r\u00e9fl\u00e9chirons aux fa\u00e7ons dont le r\u00e9seau pourrait tirer parti de cet \u00e9lan par le financement, la concertation, les partenariats ou un plaidoyer partag\u00e9.<\/p>\n\n\n\n<p>Public cible: Personnel et b\u00e9n\u00e9voles des fondations communautaires du r\u00e9seau de FCC<\/p>\n","protected":false},"excerpt":{"rendered":"<p>Cette conversation informelle de type \u00ab fireside chat \u00bb s\u2019inscrit dans la continuit\u00e9 de la s\u00e9ance Soutenir le journalisme local pr\u00e9sent\u00e9e \u00e0 Illuminate 2025 et r\u00e9unit des dirigeant\u00b7e\u00b7s de fondations communautaires ainsi que des partenaires du secteur philanthropique afin de partager les d\u00e9veloppements r\u00e9cents et les occasions \u00e9mergentes. Les fondations communautaires explorent des fa\u00e7ons cr\u00e9atives [&hellip;]<\/p>\n","protected":false},"featured_media":46740,"parent":0,"template":"","class_list":["post-46365","event","type-event","status-publish","has-post-thumbnail","hentry"],"acf":[],"_links":{"self":[{"href":"https:\/\/communityfoundations.ca\/fr\/wp-json\/wp\/v2\/event\/46365","targetHints":{"allow":["GET"]}}],"collection":[{"href":"https:\/\/communityfoundations.ca\/fr\/wp-json\/wp\/v2\/event"}],"about":[{"href":"https:\/\/communityfoundations.ca\/fr\/wp-json\/wp\/v2\/types\/event"}],"wp:featuredmedia":[{"embeddable":true,"href":"https:\/\/communityfoundations.ca\/fr\/wp-json\/wp\/v2\/media\/46740"}],"wp:attachment":[{"href":"https:\/\/communityfoundations.ca\/fr\/wp-json\/wp\/v2\/media?parent=46365"}],"curies":[{"name":"wp","href":"https:\/\/api.w.org\/{rel}","templated":true}]}}