{"id":46524,"date":"2026-02-25T12:48:00","date_gmt":"2026-02-25T17:48:00","guid":{"rendered":"https:\/\/communityfoundations.ca\/?post_type=event&#038;p=46524"},"modified":"2026-04-02T14:30:09","modified_gmt":"2026-04-02T18:30:09","slug":"table-ronde-virtuelle-avec-larc-et-finances-canada-sur-le-contexte-reglementaire","status":"publish","type":"event","link":"https:\/\/communityfoundations.ca\/fr\/events\/table-ronde-virtuelle-avec-larc-et-finances-canada-sur-le-contexte-reglementaire\/","title":{"rendered":"Table ronde virtuelle avec la Direction des organismes de bienfaisance de l\u2019ARC et le minist\u00e8re des Finances Canada"},"content":{"rendered":"\n<p>Joignez-vous \u00e0 nous pour une table ronde virtuelle r\u00e9unissant la Direction des organismes de bienfaisance de l\u2019ARC, le minist\u00e8re des Finances Canada et le r\u00e9seau des fondations communautaires afin de poursuivre un dialogue important et d\u2019actualit\u00e9. Ancr\u00e9e dans le contexte politique actuel\u2014incluant les r\u00e9cents changements dans la structure gouvernementale et la supervision minist\u00e9rielle\u2014cette discussion portera sur les principales \u00e9volutions r\u00e9glementaires touchant les fondations communautaires.<br>La s\u00e9ance comprendra une discussion guid\u00e9e ainsi qu\u2019une p\u00e9riode de questions avec les participants.<\/p>\n\n\n\n<p><\/p>\n","protected":false},"excerpt":{"rendered":"<p>Joignez-vous \u00e0 nous pour une table ronde virtuelle r\u00e9unissant la Direction des organismes de bienfaisance de l\u2019ARC, le minist\u00e8re des Finances Canada et le r\u00e9seau des fondations communautaires afin de poursuivre un dialogue important et d\u2019actualit\u00e9. Ancr\u00e9e dans le contexte politique actuel\u2014incluant les r\u00e9cents changements dans la structure gouvernementale et la supervision minist\u00e9rielle\u2014cette discussion portera [&hellip;]<\/p>\n","protected":false},"featured_media":46672,"parent":0,"template":"","class_list":["post-46524","event","type-event","status-publish","has-post-thumbnail","hentry"],"acf":[],"_links":{"self":[{"href":"https:\/\/communityfoundations.ca\/fr\/wp-json\/wp\/v2\/event\/46524","targetHints":{"allow":["GET"]}}],"collection":[{"href":"https:\/\/communityfoundations.ca\/fr\/wp-json\/wp\/v2\/event"}],"about":[{"href":"https:\/\/communityfoundations.ca\/fr\/wp-json\/wp\/v2\/types\/event"}],"wp:featuredmedia":[{"embeddable":true,"href":"https:\/\/communityfoundations.ca\/fr\/wp-json\/wp\/v2\/media\/46672"}],"wp:attachment":[{"href":"https:\/\/communityfoundations.ca\/fr\/wp-json\/wp\/v2\/media?parent=46524"}],"curies":[{"name":"wp","href":"https:\/\/api.w.org\/{rel}","templated":true}]}}