{"id":47957,"date":"2026-08-24T15:51:48","date_gmt":"2026-08-24T19:51:48","guid":{"rendered":"https:\/\/communityfoundations.ca\/?post_type=event&#038;p=47957"},"modified":"2026-08-24T15:51:49","modified_gmt":"2026-08-24T19:51:49","slug":"comment-favoriser-les-echanges-au-sein-du-conseil-dadministration-pour-renforcer-votre-fondation","status":"publish","type":"event","link":"https:\/\/communityfoundations.ca\/fr\/events\/comment-favoriser-les-echanges-au-sein-du-conseil-dadministration-pour-renforcer-votre-fondation\/","title":{"rendered":"Comment favoriser les \u00e9changes au sein du conseil d&#8217;administration pour renforcer votre fondation"},"content":{"rendered":"\n<p class=\"wp-block-paragraph\">\u00c9changez avec des administrateurs d\u2019autres fondations communautaires \u00e0 l\u2019occasion d\u2019une s\u00e9ance informelle, dirig\u00e9e par des pairs, visant \u00e0 favoriser l\u2019\u00e9tablissement de relations constructives et d\u2019apprentissages communs. Posez vos questions sur la gouvernance, l\u2019engagement b\u00e9n\u00e9vole, la culture du conseil d\u2019administration ou le leadership et apprenez aux c\u00f4t\u00e9s de b\u00e9n\u00e9voles et d\u2019experts chevronn\u00e9s dans un environnement bienveillant et ouvert. Cette s\u00e9ance s\u2019adresse \u00e0 tous les administrateurs, sans \u00e9gard \u00e0 la dur\u00e9e de leur mandat.<\/p>\n","protected":false},"excerpt":{"rendered":"<p>\u00c9changez avec des administrateurs d\u2019autres fondations communautaires \u00e0 l\u2019occasion d\u2019une s\u00e9ance informelle, dirig\u00e9e par des pairs, visant \u00e0 favoriser l\u2019\u00e9tablissement de relations constructives et d\u2019apprentissages communs. Posez vos questions sur la gouvernance, l\u2019engagement b\u00e9n\u00e9vole, la culture du conseil d\u2019administration ou le leadership et apprenez aux c\u00f4t\u00e9s de b\u00e9n\u00e9voles et d\u2019experts chevronn\u00e9s dans un environnement bienveillant [&hellip;]<\/p>\n","protected":false},"featured_media":48546,"parent":0,"template":"","class_list":["post-47957","event","type-event","status-publish","has-post-thumbnail","hentry"],"acf":[],"_links":{"self":[{"href":"https:\/\/communityfoundations.ca\/fr\/wp-json\/wp\/v2\/event\/47957","targetHints":{"allow":["GET"]}}],"collection":[{"href":"https:\/\/communityfoundations.ca\/fr\/wp-json\/wp\/v2\/event"}],"about":[{"href":"https:\/\/communityfoundations.ca\/fr\/wp-json\/wp\/v2\/types\/event"}],"wp:featuredmedia":[{"embeddable":true,"href":"https:\/\/communityfoundations.ca\/fr\/wp-json\/wp\/v2\/media\/48546"}],"wp:attachment":[{"href":"https:\/\/communityfoundations.ca\/fr\/wp-json\/wp\/v2\/media?parent=47957"}],"curies":[{"name":"wp","href":"https:\/\/api.w.org\/{rel}","templated":true}]}}