{"id":48616,"date":"2026-08-27T10:55:12","date_gmt":"2026-08-27T14:55:12","guid":{"rendered":"https:\/\/communityfoundations.ca\/?post_type=event&#038;p=48616"},"modified":"2026-08-27T13:51:06","modified_gmt":"2026-08-27T17:51:06","slug":"rencontre-entre-pairs-communication","status":"publish","type":"event","link":"https:\/\/communityfoundations.ca\/fr\/events\/rencontre-entre-pairs-communication\/","title":{"rendered":"Rencontre entre pairs : finance"},"content":{"rendered":"\n<p class=\"wp-block-paragraph\">Joignez-vous \u00e0 vos coll\u00e8gues du r\u00e9seau responsables des services financiers pour discuter de sujets d&rsquo;actualit\u00e9 et d\u00e9couvrir de nouvelles strat\u00e9gies \u2013 toutes li\u00e9es aux finances, bien s\u00fbr. Cette s\u00e9ance sera anim\u00e9e par l\u2019\u00e9quipe des finances de FCC. Nous encourageons les participants \u00e0 prendre la parole dans la langue officielle de leur choix; la traduction en direct sera assur\u00e9e par l\u2019application Wordly.<br><\/p>\n\n\n\n<p class=\"wp-block-paragraph\"><\/p>\n","protected":false},"excerpt":{"rendered":"<p>Joignez-vous \u00e0 vos coll\u00e8gues du r\u00e9seau responsables des services financiers pour discuter de sujets d&rsquo;actualit\u00e9 et d\u00e9couvrir de nouvelles strat\u00e9gies \u2013 toutes li\u00e9es aux finances, bien s\u00fbr. Cette s\u00e9ance sera anim\u00e9e par l\u2019\u00e9quipe des finances de FCC. Nous encourageons les participants \u00e0 prendre la parole dans la langue officielle de leur choix; la traduction en [&hellip;]<\/p>\n","protected":false},"featured_media":48609,"parent":0,"template":"","class_list":["post-48616","event","type-event","status-publish","has-post-thumbnail","hentry"],"acf":[],"_links":{"self":[{"href":"https:\/\/communityfoundations.ca\/fr\/wp-json\/wp\/v2\/event\/48616","targetHints":{"allow":["GET"]}}],"collection":[{"href":"https:\/\/communityfoundations.ca\/fr\/wp-json\/wp\/v2\/event"}],"about":[{"href":"https:\/\/communityfoundations.ca\/fr\/wp-json\/wp\/v2\/types\/event"}],"wp:featuredmedia":[{"embeddable":true,"href":"https:\/\/communityfoundations.ca\/fr\/wp-json\/wp\/v2\/media\/48609"}],"wp:attachment":[{"href":"https:\/\/communityfoundations.ca\/fr\/wp-json\/wp\/v2\/media?parent=48616"}],"curies":[{"name":"wp","href":"https:\/\/api.w.org\/{rel}","templated":true}]}}