{"id":38672,"date":"2023-07-05T16:34:56","date_gmt":"2023-07-05T20:34:56","guid":{"rendered":"https:\/\/communityfoundations.ca\/cfcs-2022-annual-report\/"},"modified":"2023-12-07T09:40:22","modified_gmt":"2023-12-07T14:40:22","slug":"cfcs-2022-annual-report","status":"publish","type":"page","link":"https:\/\/communityfoundations.ca\/fr\/cfcs-2022-annual-report\/","title":{"rendered":"Rapport annuel 2022 de FCC"},"content":{"rendered":"\n<div id=\"hero-block_9f5e03ee7f5a87ce4438d5874c0b4fe9\" class=\"hero\" data-aos=\"fade\" style=\"background-image: url('https:\/\/communityfoundations.ca\/wp-content\/uploads\/2022\/06\/hero-banner-2880x1060-2-1024x377.png');\">\n    <div class=\"text-container\">\n    \t<div class=\"text\">\n    \t\t<h1 data-aos=\"fade-up\" data-aos-delay=\"1000\" data-aos-duration=\"2000\">Rapport annuel 2022 de FCC<\/h1>\n\t\t\t\t\t<\/div>\n    <\/div>\n<\/div>\n<style>\n\t.container-body-inner h1:first-child {\n\t\tdisplay: none;\n\t}\n\t.container-body-inner #hero-block_9f5e03ee7f5a87ce4438d5874c0b4fe9 h1 {\n\t\tdisplay: block;\n\t\tmargin: 0;\n\t\tpadding: 10px 0;\n\t\tfont-size: 46px;\n\t\tline-height: 46px;\n\t\tcolor: #fff;\n\t}\n\t.container-body-inner #hero-block_9f5e03ee7f5a87ce4438d5874c0b4fe9 h2 {\n\t\tdisplay: block;\n\t\tmargin: 0;\n\t\tpadding: 10px 0;\n\t\tfont-size: 36px;\n\t\tline-height: 40px;\n\t\tcolor: #fff;\n\t}\n\t.content-body, .content-body-narrow {\n\t\tmargin-top: 30px;\n\t}\n\t#hero-block_9f5e03ee7f5a87ce4438d5874c0b4fe9.hero {\n\t\tposition: relative;\n\t\twidth: 100vw;\n\t\theight: 50vh;\n\t\tleft: 50%;\n\t\tright: 50%;\n\t\tmargin-left: -50vw;\n\t\tmargin-right: -50vw;\n\t\tbackground-size: cover;\n\t\tbackground-repeat: no-repeat;\n\t\tbackground-position: center center;\n\t\toverflow: hidden;\n\t}\n\t#hero-block_9f5e03ee7f5a87ce4438d5874c0b4fe9.hero .text-container {\n\t\tdisplay: flex;\n\t\tflex-wrap: wrap;\n\t\twidth: 100%;\n\t\tmax-width: 1280px;\n\t\theight: 100%;\n\t\talign-items: center;\n\t\tjustify-content: center;\n\t\ttext-shadow: 0 5px 5px rgba(35, 31, 32, 0.3), 0px 8px 13px rgba(35, 31, 32, 0.1), 0px 2px 1px rgba(35, 31, 32, 0.1);\n\t\tpadding: 20px;\n\t}\n\t@media (min-width: 768px) {\n\t\t.content-body, .content-body-narrow {\n\t\t\tmargin-top: 0;\n\t\t}\n\t\t.container-body-inner #hero-block_9f5e03ee7f5a87ce4438d5874c0b4fe9 h1 {\n\t\t\tfont-size: 60px;\n\t\t\tline-height: 60px;\n\t\t}\n\t\t#hero-block_9f5e03ee7f5a87ce4438d5874c0b4fe9.hero {\n\t\t\theight: 795px;\n\t\t}\n\t\t#hero-block_9f5e03ee7f5a87ce4438d5874c0b4fe9.hero .text-container {\n\t\t\tpadding: 0;\n\t\t}\n\t}\n<\/style>\n\n\n\n<div id=\"heading-block_9c3bf9d1fb8c00f7ad8b0060d716eac4\" class=\"heading\">\n    <h1 data-aos=\"fade-right\">Introduction<\/h1>\n<\/div>\n<style type=\"text\/css\">\n\t.container-body-inner #heading-block_9c3bf9d1fb8c00f7ad8b0060d716eac4 .heading h1 {\n\t\tdisplay: inline-block;\n\t\tfont-size: 36px;\n\t}\n<\/style>\n\n\n<div id=\"text-block-block_80cf242e96cf318d72bab23be2a8ec0b\" class=\"text-block background-enabled\">\n    <p><span style=\"font-weight: 400;\">L\u2019ann\u00e9e 2022 a apport\u00e9 son lot de probl\u00e8mes sociaux et environnementaux de plus en plus complexes. Au cours de la derni\u00e8re ann\u00e9e, les fondations communautaires ont continu\u00e9 de se mobiliser pour servir leurs communaut\u00e9s, tout en se remettant de la pand\u00e9mie de COVID-19 et en se reconstruisant. Le Rapport annuel de Fondations communautaires du Canada pour l\u2019ann\u00e9e 2022 met en valeur la r\u00e9silience et l\u2019humilit\u00e9 des fondations communautaires qui ont utilis\u00e9 leur temps, leur \u00e9nergie et leur savoir local pour s\u2019assurer que leurs communaut\u00e9s \u00e9taient soutenues, et ont su \u00e9couter et apprendre afin de favoriser un avenir \u00e9quitable.\u00a0\u00a0<\/span><\/p>\n<p><span style=\"font-weight: 400;\">Par l\u2019interm\u00e9diaire de notre programme de subvention comportant le montant de financement le plus \u00e9lev\u00e9 jusqu\u2019\u00e0 maintenant, soit le Fonds de relance des services communautaires, et au moyen de la production de rapports Signes vitaux et du partage de donn\u00e9es locales avec les membres de la communaut\u00e9, les fondations communautaires s\u2019efforcent de cr\u00e9er des retomb\u00e9es positives, et nous marchons \u00e0 leurs c\u00f4t\u00e9s pour les soutenir. <\/span><\/p>\n<\/div>\n<style type=\"text\/css\">\n\t#text-block-block_80cf242e96cf318d72bab23be2a8ec0b {\n\t\tmargin: 45px 0;\n\t}\n\t#text-block-block_80cf242e96cf318d72bab23be2a8ec0b.background-enabled {\n\t\tbackground-color: #c73291;\n\t\tpadding: 30px;\n\t}\n\t#text-block-block_80cf242e96cf318d72bab23be2a8ec0b,\n\t#text-block-block_80cf242e96cf318d72bab23be2a8ec0b a,\n\t#text-block-block_80cf242e96cf318d72bab23be2a8ec0b p,\n\t#text-block-block_80cf242e96cf318d72bab23be2a8ec0b h4 {\n\t\tcolor: #fff;\n\t}\n\t#text-block-block_80cf242e96cf318d72bab23be2a8ec0b li {\n\t\tmargin-bottom: 0;\n\t}\n\t@media (min-width: 768px) {\n\t\t#text-block-block_80cf242e96cf318d72bab23be2a8ec0b.background-enabled {\n\t\t\tpadding: 60px;\n\t\t}\n\t}\n<\/style>\n<script>\n\tjQuery('#text-block-block_80cf242e96cf318d72bab23be2a8ec0b p, #text-block-block_80cf242e96cf318d72bab23be2a8ec0b li').attr(\"data-aos\", \"fade-up\");\n<\/script>\n\n\n\n<div style=\"height:30px\" aria-hidden=\"true\" class=\"wp-block-spacer\"><\/div>\n\n\n\n<div class=\"wp-block-media-text alignwide is-stacked-on-mobile\"><figure class=\"wp-block-media-text__media\"><img loading=\"lazy\" decoding=\"async\" width=\"1024\" height=\"683\" src=\"https:\/\/communityfoundations.ca\/wp-content\/uploads\/2023\/07\/329_MJT_1532-1024x683.jpg\" alt=\"\" class=\"wp-image-38383 size-full\" srcset=\"https:\/\/communityfoundations.ca\/wp-content\/uploads\/2023\/07\/329_MJT_1532-1024x683.jpg 1024w, https:\/\/communityfoundations.ca\/wp-content\/uploads\/2023\/07\/329_MJT_1532-300x200.jpg 300w, https:\/\/communityfoundations.ca\/wp-content\/uploads\/2023\/07\/329_MJT_1532-768x512.jpg 768w, https:\/\/communityfoundations.ca\/wp-content\/uploads\/2023\/07\/329_MJT_1532-1536x1024.jpg 1536w, https:\/\/communityfoundations.ca\/wp-content\/uploads\/2023\/07\/329_MJT_1532-2048x1365.jpg 2048w\" sizes=\"auto, (max-width: 1024px) 100vw, 1024px\" \/><\/figure><div class=\"wp-block-media-text__content\">\n<blockquote class=\"wp-block-quote is-layout-flow wp-block-quote-is-layout-flow\">\n<p>L\u2019imagination, l\u2019innovation et le rayonnement des fondations communautaires d\u2019un bout \u00e0 l\u2019autre du pays sont pour moi une source d\u2019inspiration quotidienne. J\u2019aime \u00e9voluer au sein d\u2019une communaut\u00e9 de coll\u00e8gues qui partagent les m\u00eames id\u00e9es, qui \u00e9coutent, apprennent, puis trouvent des fa\u00e7ons d\u2019am\u00e9liorer le pays et de rendre le monde plus fort. Tout cela me conforte dans mes convictions et provoque un sentiment d\u2019appartenance.<\/p>\n<cite>Lisa Kolody, pr\u00e9sidente du conseil d\u2019administration<\/cite><\/blockquote>\n\n\n\n<div class=\"wp-block-buttons is-layout-flex wp-block-buttons-is-layout-flex\">\n<div class=\"wp-block-button\"><a class=\"wp-block-button__link has-background wp-element-button\" href=\"https:\/\/communityfoundations.ca\/fr\/?p=38436\" style=\"background-color:#c5299b\" target=\"_blank\" rel=\"noreferrer noopener\">Lire la lettre de Lisa ici<\/a><\/div>\n<\/div>\n<\/div><\/div>\n\n\n\n<div style=\"height:100px\" aria-hidden=\"true\" class=\"wp-block-spacer\"><\/div>\n\n\n\n<div class=\"wp-block-media-text alignwide has-media-on-the-right is-stacked-on-mobile\"><div class=\"wp-block-media-text__content\">\n<blockquote class=\"wp-block-quote is-layout-flow wp-block-quote-is-layout-flow\">\n<p>L\u2019ann\u00e9e \u00e9coul\u00e9e a \u00e9t\u00e9 marqu\u00e9e par de nombreux changements. Au sortir de la pand\u00e9mie de COVID-19, les communaut\u00e9s se montrent \u00e0 la fois inqui\u00e8tes et optimistes quant \u00e0 l\u2019avenir. Nous ne savons peut-\u00eatre pas encore ce que nous r\u00e9serve l\u2019avenir, mais ce qui ne fait aucun doute, c\u2019est la d\u00e9termination de ce r\u00e9seau de plus de 200 fondations communautaires \u00e0 \u0153uvrer sans rel\u00e2che pour un avenir o\u00f9 tout le monde a sa place.&nbsp;<\/p>\n<cite>Andrea Dicks, pr\u00e9sidente &amp; Andrew Chunilall, chef de la direction<\/cite><\/blockquote>\n\n\n\n<div class=\"wp-block-buttons is-layout-flex wp-block-buttons-is-layout-flex\">\n<div class=\"wp-block-button\"><a class=\"wp-block-button__link has-background wp-element-button\" href=\"https:\/\/communityfoundations.ca\/fr\/lettre-de-la-direction-de-fcc-2022\/\" style=\"background-color:#c5299b\" target=\"_blank\" rel=\"noreferrer noopener\">Lire la letter de Andrea et Andrew ici<\/a><\/div>\n<\/div>\n<\/div><figure class=\"wp-block-media-text__media\"><img loading=\"lazy\" decoding=\"async\" width=\"1024\" height=\"683\" src=\"https:\/\/communityfoundations.ca\/wp-content\/uploads\/2023\/07\/142_0X7A3657-1024x683.jpg\" alt=\"\" class=\"wp-image-38380 size-full\" srcset=\"https:\/\/communityfoundations.ca\/wp-content\/uploads\/2023\/07\/142_0X7A3657-1024x683.jpg 1024w, https:\/\/communityfoundations.ca\/wp-content\/uploads\/2023\/07\/142_0X7A3657-300x200.jpg 300w, https:\/\/communityfoundations.ca\/wp-content\/uploads\/2023\/07\/142_0X7A3657-768x512.jpg 768w, https:\/\/communityfoundations.ca\/wp-content\/uploads\/2023\/07\/142_0X7A3657-1536x1024.jpg 1536w, https:\/\/communityfoundations.ca\/wp-content\/uploads\/2023\/07\/142_0X7A3657-2048x1365.jpg 2048w\" sizes=\"auto, (max-width: 1024px) 100vw, 1024px\" \/><\/figure><\/div>\n\n\n\n<div class=\"wp-block-buttons is-content-justification-center is-layout-flex wp-container-core-buttons-is-layout-16018d1d wp-block-buttons-is-layout-flex\"><\/div>\n\n\n\n<div style=\"height:100px\" aria-hidden=\"true\" class=\"wp-block-spacer\"><\/div>\n\n\n\n<div class=\"wp-block-cover alignfull is-light has-parallax\" style=\"min-height:234px;aspect-ratio:unset;\"><span aria-hidden=\"true\" class=\"wp-block-cover__background has-background-dim-20 has-background-dim\" style=\"background-color:#000000\"><\/span><div role=\"img\" class=\"wp-block-cover__image-background wp-image-33937 has-parallax\" style=\"background-position:50% 50%;background-image:url(https:\/\/communityfoundations.ca\/wp-content\/uploads\/2022\/06\/slide-background30.png)\"><\/div><div class=\"wp-block-cover__inner-container is-layout-flow wp-block-cover-is-layout-flow\">\n<h2 class=\"wp-block-heading has-text-color has-large-font-size\" style=\"color:#f9f9f9\"><strong>\u00c0 FCC, <\/strong>NOUS NOUS EFFOR\u00c7ONS SANS REL\u00c2CHE DE CR\u00c9ER UN AVENIR O\u00d9 TOUT LE MONDE A SA PLACE.<\/h2>\n<\/div><\/div>\n\n\n\n<div id=\"text-and-image-block_bd3bb900b53db97e105d810f746abce2\" class=\"text-and-image col-3\">\n\t<div class=\"text-and-image-container\">\n\t\t<div class=\"text-box\" data-aos=\"flip-right\">\n\t\n\t\t\t<h4>Points saillants concernant le r\u00e9seau<\/h4>\n\t\t\t<p><span style=\"font-weight: 400;\">Le travail consid\u00e9rable accompli et les apprentissages r\u00e9alis\u00e9s au cours de la derni\u00e8re ann\u00e9e par les fondations communautaires sont inspirants. Notre r\u00e9seau continue de r\u00e9agir \u00e0 la fa\u00e7on dont le monde et la communaut\u00e9 ont chang\u00e9, en r\u00e9examinant les hypoth\u00e8ses accept\u00e9es depuis longtemps et en faisant les choses autrement. Voici quelques exemples qui illustrent la t\u00e9nacit\u00e9 du r\u00e9seau.<\/span><\/p>\n<p><span style=\"font-weight: 400;\">La<\/span><b> Shuswap Community Foundation, en Colombie-Britannique<\/b><span style=\"font-weight: 400;\">, a commenc\u00e9 un travail important pour assurer un avenir inclusif. L\u2019\u00e9quipe prend en consid\u00e9ration les groupes de la communaut\u00e9 qui ne sont pas repr\u00e9sent\u00e9s au sein du conseil d\u2019administration de la fondation et leurs liens avec la communaut\u00e9. La premi\u00e8re mesure que l\u2019\u00e9quipe a prise a \u00e9t\u00e9 celle de rafra\u00eechir le processus de nomination des membres du conseil d\u2019administration.\u00a0<\/span><\/p>\n<p><span style=\"font-weight: 400;\">Le fonds pour l\u2019\u00e9quit\u00e9 raciale de la <\/span><b>Waterloo Region Community Foundation<\/b><span style=\"font-weight: 400;\"> transforme les id\u00e9es en mesures concr\u00e8tes, en aidant les personnes les plus touch\u00e9es par les disparit\u00e9s raciales continues et syst\u00e9miques qui existent dans les communaut\u00e9s et en changeant le processus traditionnel de cr\u00e9ation de programmes. La cr\u00e9ation du formulaire de demande de financement du programme et des lignes directrices ainsi que les \u00e9valuations ont \u00e9t\u00e9 dirig\u00e9es par un comit\u00e9 de membres b\u00e9n\u00e9voles de la communaut\u00e9 qui s\u2019identifient comme des personnes autochtones, noires ou de couleur.\u00a0<\/span><\/p>\n<p><span style=\"font-weight: 400;\">La <\/span><b>Community Foundation of Prince Edward Island<\/b><span style=\"font-weight: 400;\"> met \u00e0 profit les apprentissages r\u00e9alis\u00e9s dans le cadre du programme Signes vitaux et du programme Communaut\u00e9s pour l\u2019\u00e9galit\u00e9 des genres et examine comment changer ses formulaires et ses processus de demande de subvention afin d\u2019inclure davantage de projets ax\u00e9s sur l\u2019\u00e9galit\u00e9 des genres.\u00a0<\/span><\/p>\n<p><span style=\"font-weight: 400;\">La<\/span><b> Red Deer &amp; District Community Foundation<\/b><span style=\"font-weight: 400;\"> a re\u00e7u le prix <\/span><i><span style=\"font-weight: 400;\">Grantmaker of the Year<\/span><\/i><span style=\"font-weight: 400;\"> (subventionneur de l\u2019ann\u00e9e) pour 2022 de la <\/span><i><span style=\"font-weight: 400;\">Grant Professionals Association<\/span><\/i><span style=\"font-weight: 400;\">. Il s\u2019agit d\u2019une reconnaissance du processus novateur participatif de cette fondation qui consiste \u00e0 rassembler des gens et \u00e0 transf\u00e9rer le processus de prise de d\u00e9cision aux communaut\u00e9s. Pendant le processus d\u2019examen des demandes de subvention pr\u00e9sent\u00e9es au Fonds pour l\u2019\u00e9galit\u00e9 des genres, les demandeurs \u00e9taient inclus dans le processus de prise de d\u00e9cision, ce qui a permis aux b\u00e9n\u00e9ficiaires de se r\u00e9unir pour partager des id\u00e9es, de pr\u00e9senter leurs projets avec passion, de collaborer dans leur processus d\u00e9cisionnel et de tisser des liens.\u00a0<\/span><\/p>\n<p><span style=\"font-weight: 400;\">Le<\/span><b> Clayoquot Biosphere Trust<\/b><span style=\"font-weight: 400;\"> a transform\u00e9 le subventionnement traditionnel dans le cadre de son <\/span><i><span style=\"font-weight: 400;\">Vital Grants Program<\/span><\/i><span style=\"font-weight: 400;\"> l\u2019an dernier, en reconnaissant le temps et les ressources que les demandeurs doivent investir pour pr\u00e9parer une demande de financement. Apr\u00e8s avoir \u00e9cout\u00e9 les membres de la communaut\u00e9, ils ont pris la d\u00e9cision d\u2019offrir une r\u00e9mun\u00e9ration aux demandeurs du programme.\u00a0<\/span><\/p>\n<p><span style=\"font-weight: 400;\">La<\/span><b> Fondation franco-albertaine<\/b><span style=\"font-weight: 400;\"> continue de promouvoir l\u2019\u00e9quit\u00e9 linguistique afin de s\u2019assurer que les demandeurs et les b\u00e9n\u00e9ficiaires en Alberta ont acc\u00e8s \u00e0 des services dans les deux langues officielles.<\/span><\/p>\n\t\t<\/div>\n\t\t<div class=\"image-box\" data-aos=\"fade-left\">\n\t\t\t<img decoding=\"async\" src=\"https:\/\/communityfoundations.ca\/wp-content\/uploads\/2023\/07\/390_MJT_1821-300x200.jpg\" alt=\"\" \/>\n\t\t<\/div>\n\t<\/div>\n    \n<\/div>\n<style type=\"text\/css\">\n\t#text-and-image-block_bd3bb900b53db97e105d810f746abce2 {\n\t\tmargin: 45px 0;\n    \toverflow-y: hidden;\n\t}\n\t#text-and-image-block_bd3bb900b53db97e105d810f746abce2 .text-and-image-container {\n\t\tdisplay: flex;\n\t\tflex-wrap: wrap;\n\t\tposition: relative;\n\t}\n\t#text-and-image-block_bd3bb900b53db97e105d810f746abce2 .text-box {\n\t\tdisplay: inline-block;\n\t\tposition: relative;\n\t\theight: auto;\n\t\tline-height: 20px;\n\t\tpadding: 30px;\n\t\tbackground-color: #0abfdc;\n\t\tflex: 1 1 100%;\n\t\torder: 2;\n\t\tmargin-top: -10px;\n\t}\n\t#text-and-image-block_bd3bb900b53db97e105d810f746abce2 .image-box {\n\t\tflex: 1 1 100%;\n\t\torder: 1;\n\t}\n\t#text-and-image-block_bd3bb900b53db97e105d810f746abce2 .image-box img {\n\t\twidth: 100%;\n\t}\n\t#text-and-image-block_bd3bb900b53db97e105d810f746abce2,\n\t#text-and-image-block_bd3bb900b53db97e105d810f746abce2 a,\n\t#text-and-image-block_bd3bb900b53db97e105d810f746abce2 p,\n\t#text-and-image-block_bd3bb900b53db97e105d810f746abce2 h4 {\n\t\tcolor: #fff;\n\t}\n\t#text-and-image-block_bd3bb900b53db97e105d810f746abce2 li {\n\t\tmargin-bottom: 0;\n\t}\n\t@media (min-width: 768px) {\n\t\t#text-and-image-block_bd3bb900b53db97e105d810f746abce2 {\n\t\t\toverflow-y: inherit;\n\t\t\tmargin-top: 245px;\n\t\t}\n\t\t#text-and-image-block_bd3bb900b53db97e105d810f746abce2 .text-and-image-container {\n\t\t\tdisplay: inline-block;\n\t\t}\n\t\t#text-and-image-block_bd3bb900b53db97e105d810f746abce2 .text-box {\n\t\t\tz-index: 2;\n\t\t\twidth: 67%;\n\t\t\tmargin-top: 0;\n\t\t\tpadding: 30px;\n\t\t}\n\t\t#text-and-image-block_bd3bb900b53db97e105d810f746abce2 .image-box {\n\t\t\tposition: absolute;\n\t\t\tz-index: 1;\n\t\t\tdisplay: inline-block;\n\t\t\twidth: 38%;\n\t\t\theight: auto;\n\t\t\tright: 0;\n\t\t\ttop: -70px;\n\t\t}\n\t}\n<\/style>\n<script>\n\tjQuery('#text-and-image-block_bd3bb900b53db97e105d810f746abce2 p, #text-and-image-block_bd3bb900b53db97e105d810f746abce2 li').attr(\"data-aos\", \"fade-up\");\n<\/script>\n\n\n<div style=\"height:100px\" aria-hidden=\"true\" class=\"wp-block-spacer\"><\/div>\n\n\n\n<div class=\"wp-block-cover alignfull has-parallax\" style=\"min-height:234px;aspect-ratio:unset;\"><span aria-hidden=\"true\" class=\"wp-block-cover__background has-background-dim-20 has-background-dim\" style=\"background-color:#000000\"><\/span><div role=\"img\" class=\"wp-block-cover__image-background wp-image-33864 has-parallax\" style=\"background-position:50% 50%;background-image:url(https:\/\/communityfoundations.ca\/wp-content\/uploads\/2022\/06\/1-1440x400-1.png)\"><\/div><div class=\"wp-block-cover__inner-container is-layout-flow wp-block-cover-is-layout-flow\">\n<h2 class=\"wp-block-heading has-text-align-center has-large-font-size\" style=\"text-transform:uppercase\">LE R\u00c9SEAU RENFORCE LES COMMUNAUT\u00c9S D&rsquo;UN BOUT \u00c0 L&rsquo;AUTRE DU PAYS EN AGISSANT POUR LE BIEN<\/h2>\n<\/div><\/div>\n\n\n\n<div id=\"text-and-image-block_0d7685d5de2429d674049a8f7d9872c6\" class=\"text-and-image col-3\">\n\t<div class=\"text-and-image-container\">\n\t\t<div class=\"text-box\" data-aos=\"flip-right\">\n\t\n\t\t\t<h4>Soutenir les communaut\u00e9s par l\u2019interm\u00e9diaire de programmes<\/h4>\n\t\t\t<p><span style=\"font-weight: 400;\">Les fondations communautaires dans tout le r\u00e9seau prennent des mesures pour provoquer le changement localement. C\u2019est gr\u00e2ce \u00e0 ce leadership local et \u00e0 cette approche cr\u00e9ative en mati\u00e8re de r\u00e9solution de probl\u00e8mes que nous avons eu des occasions de collaborer avec des partenaires dans le cadre de nombreux programmes de subvention diff\u00e9rents l\u2019ann\u00e9e derni\u00e8re.\u00a0 <\/span><span style=\"font-weight: 400;\">\u00a0<\/span><\/p>\n<p><span style=\"font-weight: 400;\">Au cours des derni\u00e8res ann\u00e9es, plus de 170 fondations communautaires ont particip\u00e9 \u00e0 des programmes comme le programme <\/span><b>Kia \u2013 Communaut\u00e9s en mouvement<\/b><span style=\"font-weight: 400;\">, le <\/span><b>Programme de pr\u00e9paration \u00e0 l\u2019investissement<\/b><span style=\"font-weight: 400;\">, le programme <\/span><b>Communaut\u00e9s pour l\u2019\u00e9galit\u00e9 des genres<\/b><span style=\"font-weight: 400;\">, l\u2019<\/span><b>Initiative canadienne pour des collectivit\u00e9s en sant\u00e9<\/b><span style=\"font-weight: 400;\">,<\/span> <span style=\"font-weight: 400;\">le<\/span> <span style=\"font-weight: 400;\">programme <\/span><b>Signes vitaux<\/b><span style=\"font-weight: 400;\"> et le <\/span><b>Fonds de relance des services communautaires<\/b><span style=\"font-weight: 400;\">.\u00a0<\/span><\/p>\n<p><span style=\"font-weight: 400;\">Seulement au cours de la derni\u00e8re ann\u00e9e, dans le cadre de tous ces programmes, les fondations communautaires ont financ\u00e9 <\/span><b>plus de 2 000 projets<\/b><span style=\"font-weight: 400;\"> partout au pays. Ces projets transforment notamment les espaces publics en jardins communautaires de plantes m\u00e9dicinales. Ils permettent d\u2019offrir les services de b\u00e9n\u00e9voles accompagnants ou accompagnantes \u00e0 la naissance au cap Breton. Les fondations communautaires soutiennent des projets de logements abordables d\u2019organismes dirig\u00e9s par des Noirs et au service des Noirs, \u00e0 Surrey, en Colombie-Britannique. Il y a litt\u00e9ralement des milliers d\u2019exemples qui montrent les retomb\u00e9es positives du travail des fondations communautaires effectu\u00e9 en partenariat dans le cadre de ces programmes.\u00a0<\/span><\/p>\n\t\t<\/div>\n\t\t<div class=\"image-box\" data-aos=\"fade-right\">\n\t\t\t<img decoding=\"async\" src=\"https:\/\/communityfoundations.ca\/wp-content\/uploads\/2022\/09\/Nova-Scotia-Sea-School-1-300x225.jpg\" alt=\"\" \/>\n\t\t<\/div>\n\t<\/div>\n    \n<\/div>\n<style type=\"text\/css\">\n\t#text-and-image-block_0d7685d5de2429d674049a8f7d9872c6 {\n\t\tmargin: 45px 0;\n    \toverflow-y: hidden;\n\t}\n\t#text-and-image-block_0d7685d5de2429d674049a8f7d9872c6 .text-and-image-container {\n\t\tdisplay: flex;\n\t\tflex-wrap: wrap;\n\t\tposition: relative;\n\t}\n\t#text-and-image-block_0d7685d5de2429d674049a8f7d9872c6 .text-box {\n\t\tdisplay: inline-block;\n\t\tposition: relative;\n\t\theight: auto;\n\t\tline-height: 20px;\n\t\tpadding: 30px;\n\t\tbackground-color: #c73291;\n\t\tflex: 1 1 100%;\n\t\torder: 2;\n\t\tmargin-top: -10px;\n\t}\n\t#text-and-image-block_0d7685d5de2429d674049a8f7d9872c6 .image-box {\n\t\tflex: 1 1 100%;\n\t\torder: 1;\n\t}\n\t#text-and-image-block_0d7685d5de2429d674049a8f7d9872c6 .image-box img {\n\t\twidth: 100%;\n\t}\n\t#text-and-image-block_0d7685d5de2429d674049a8f7d9872c6,\n\t#text-and-image-block_0d7685d5de2429d674049a8f7d9872c6 a,\n\t#text-and-image-block_0d7685d5de2429d674049a8f7d9872c6 p,\n\t#text-and-image-block_0d7685d5de2429d674049a8f7d9872c6 h4 {\n\t\tcolor: #fff;\n\t}\n\t#text-and-image-block_0d7685d5de2429d674049a8f7d9872c6 li {\n\t\tmargin-bottom: 0;\n\t}\n\t@media (min-width: 768px) {\n\t\t#text-and-image-block_0d7685d5de2429d674049a8f7d9872c6 {\n\t\t\toverflow-y: inherit;\n\t\t\tmargin-top: 245px;\n\t\t}\n\t\t#text-and-image-block_0d7685d5de2429d674049a8f7d9872c6 .text-and-image-container {\n\t\t\tdisplay: inline-block;\n\t\t}\n\t\t#text-and-image-block_0d7685d5de2429d674049a8f7d9872c6 .text-box {\n\t\t\tz-index: 2;\n\t\t\twidth: 67%;\n\t\t\tmargin-top: 0;\n\t\t\tpadding: 30px;\n\t\t\tfloat: right;\n\t\t}\n\t\t#text-and-image-block_0d7685d5de2429d674049a8f7d9872c6 .image-box {\n\t\t\tposition: absolute;\n\t\t\tz-index: 1;\n\t\t\tdisplay: inline-block;\n\t\t\twidth: 38%;\n\t\t\theight: auto;\n\t\t\tleft: 0;\n\t\t\ttop: -70px;\n\t\t}\n\t}\n<\/style>\n<script>\n\tjQuery('#text-and-image-block_0d7685d5de2429d674049a8f7d9872c6 p, #text-and-image-block_0d7685d5de2429d674049a8f7d9872c6 li').attr(\"data-aos\", \"fade-up\");\n<\/script>\n\n\n<div class=\"wp-block-cover alignfull has-parallax\" style=\"min-height:314px;aspect-ratio:unset;\"><span aria-hidden=\"true\" class=\"wp-block-cover__background has-background-dim-20 has-background-dim\" style=\"background-color:#000000\"><\/span><div role=\"img\" class=\"wp-block-cover__image-background wp-image-33919 has-parallax\" style=\"background-position:50% 50%;background-image:url(https:\/\/communityfoundations.ca\/wp-content\/uploads\/2022\/06\/2-1440x400-1.png)\"><\/div><div class=\"wp-block-cover__inner-container is-layout-flow wp-block-cover-is-layout-flow\">\n<h2 class=\"wp-block-heading has-text-align-center\"><strong>CFC TRAVAILLE AVEC PLUSIEURS PARTENAIRES PASSIONN\u00c9S QUI NOUS AIDENT \u00c0 CONSTRUIRE DES COMMUNAUT\u00c9S JUSTES ET DURABLES. D\u00c9COUVREZ LES PARTENAIRES QUI SOUTIENNENT NOS EFFORTS.<\/strong><\/h2>\n\n\n\n<div class=\"wp-block-buttons is-content-justification-center is-layout-flex wp-container-core-buttons-is-layout-16018d1d wp-block-buttons-is-layout-flex\">\n<div class=\"wp-block-button\"><a class=\"wp-block-button__link has-background wp-element-button\" href=\"https:\/\/communityfoundations.ca\/fr\/nos-partenaires\/\" style=\"background-color:#c5299b\" target=\"_blank\" rel=\"noreferrer noopener\">EXPLOREZ NOS PARTENARIATS<\/a><\/div>\n<\/div>\n<\/div><\/div>\n\n\n\n<div style=\"height:100px\" aria-hidden=\"true\" class=\"wp-block-spacer\"><\/div>\n\n\n\n<h3 class=\"wp-block-heading has-text-color\" style=\"color:#c5299b\">R\u00e9cits de 2022<\/h3>\n\n\n\n<div style=\"height:43px\" aria-hidden=\"true\" class=\"wp-block-spacer\"><\/div>\n\n\n<div class='white' style='background:rgba(0,0,0,0); border:solid 0px rgba(0,0,0,0); border-radius:0px; padding:0px 0px 0px 0px;'>\n<div id='slider_38438' class='owl-carousel sa_owl_theme owl-pagination-true autohide-arrows' data-slider-id='slider_38438' style='visibility:hidden;'>\n<div id='slider_38438_slide16' class='sa_hover_container' style='padding:5% 5%; margin:0px 0%; background-image:url(&quot;https:\/\/communityfoundations.ca\/wp-content\/uploads\/2023\/07\/chris-ainsworth-u-z1D-QE41s-unsplash-scaled.jpg&quot;); background-position:center center; background-size:cover; background-repeat:no-repeat; '><div class='sa_hover_buttons' style='top:50%; left:50%; margin-top:-20px; margin-left:-20px;'><a class='sa_slide_link_icon' href='https:\/\/communityfoundations.ca\/2022-new-years-equity-resolutions\/%20' target='_blank' title='' aria-label=''><\/a><\/div>\n<h2><span style=\"color: #e0004d\"><span style=\"color: #c5299b\">2022 New Year\u2019s Equity Resolutions<\/span><br \/><\/span><\/h2>\r\n<p><!--more--><\/p><\/div>\n<div id='slider_38438_slide11' class='sa_hover_container' style='padding:5% 5%; margin:0px 0%; background-image:url(&quot;https:\/\/communityfoundations.ca\/wp-content\/uploads\/2023\/07\/andrew-neel-0AwoTNSdwVM-unsplash-scaled.jpg&quot;); background-position:center bottom; background-size:cover; background-repeat:no-repeat; '><div class='sa_hover_buttons' style='top:50%; left:50%; margin-top:-20px; margin-left:-20px;'><a class='sa_slide_link_icon' href='https:\/\/communityfoundations.ca\/hci-stories-nova-scotia-sea-school\/%20' target='_blank' title='' aria-label=''><\/a><\/div>\n<h2><span style=\"color: #c5299b\">Nova Scotia Sea School Breaks Down Barriers to Outdoor Recreation for Black, Indigenous and Newcomer Youth<\/span><\/h2>\r\n<p><!--more--><\/p><\/div>\n<div id='slider_38438_slide03' class='sa_hover_container' style='padding:5% 5%; margin:0px 0%; background-image:url(&quot;https:\/\/communityfoundations.ca\/wp-content\/uploads\/2023\/04\/holly-ro-oonSGL86HSQ-unsplash-scaled.jpg&quot;); background-position:center center; background-size:cover; background-repeat:no-repeat; '><div class='sa_hover_buttons' style='top:50%; left:50%; margin-top:-20px; margin-left:-20px;'><a class='sa_slide_link_icon' href='https:\/\/communityfoundations.ca\/tranformation-blog-1-imagined-futures\/%20' target='_blank' title='' aria-label=''><\/a><\/div>\n<h2><span style=\"color: #c5299b\">Collectively Imagined Futures<\/span><span style=\"color: #e0004d\"><br \/><\/span><\/h2>\r\n<p><!--more--><\/p><\/div>\n<div id='slider_38438_slide08' class='sa_hover_container' style='padding:5% 5%; margin:0px 0%; background-image:url(&quot;https:\/\/communityfoundations.ca\/wp-content\/uploads\/2023\/07\/karl-magnuson-MvxMvPO3S1M-unsplash-scaled.jpg&quot;); background-position:center center; background-size:cover; background-repeat:no-repeat; '><div class='sa_hover_buttons' style='top:50%; left:50%; margin-top:-20px; margin-left:-20px;'><a class='sa_slide_link_icon' href='https:\/\/communityfoundations.ca\/press-release-cfc-and-community-foundations-launch-second-round-of-the-fund-for-gender-equality\/%20' target='_blank' title='' aria-label=''><\/a><\/div>\n<h2><span style=\"color: #e0004d\"><span style=\"color: #c5299b\">CFC and community foundations launch second round of the Fund for Gender Equality<\/span><br \/><\/span><\/h2>\r\n<p><!--more--><\/p><\/div>\n<div id='slider_38438_slide01' class='sa_hover_container' style='padding:5% 5%; margin:0px 0%; background-image:url(&quot;https:\/\/communityfoundations.ca\/wp-content\/uploads\/2022\/11\/6-scaled-e1668539031693.jpeg&quot;); background-position:center center; background-size:cover; background-repeat:no-repeat; '><div class='sa_hover_buttons' style='top:50%; left:50%; margin-top:-20px; margin-left:-20px;'><a class='sa_slide_link_icon' href='https:\/\/communityfoundations.ca\/recovery-fund-application-process-opens-pr\/%20' target='_blank' title='' aria-label=''><\/a><\/div>\n<h2><span style=\"color: #c5299b\">Community Services Recovery Fund application process opens to support pandemic recovery<\/span><\/h2>\r\n<p><!--more--><\/p><\/div>\n<div id='slider_38438_slide06' class='sa_hover_container' style='padding:5% 5%; margin:0px 0%; background-image:url(&quot;https:\/\/communityfoundations.ca\/wp-content\/uploads\/2023\/07\/annie-spratt-tW3v0Q-D4Ws-unsplash-scaled.jpg&quot;); background-position:center center; background-size:cover; background-repeat:no-repeat; '><div class='sa_hover_buttons' style='top:50%; left:50%; margin-top:-20px; margin-left:-20px;'><a class='sa_slide_link_icon' href='https:\/\/communityfoundations.ca\/hci-stories-tiny-traces\/%20' target='_blank' title='' aria-label=''><\/a><\/div>\n<h2><span style=\"color: #c5299b\">Combining Nature and Art, \u2018Tiny Traces\u2019 Keeps Communities Grounded During COVID-19<\/span><span style=\"color: #e0004d\"><br \/><\/span><\/h2>\r\n<p><!--more--><\/p><\/div>\n<div id='slider_38438_slide07' class='sa_hover_container' style='padding:5% 5%; margin:0px 0%; background-image:url(&quot;https:\/\/communityfoundations.ca\/wp-content\/uploads\/2023\/07\/devin-avery-lhAy4wmkjSk-unsplash-1-scaled.jpg&quot;); background-position:center bottom; background-size:cover; background-repeat:no-repeat; '><div class='sa_hover_buttons' style='top:50%; left:50%; margin-top:-20px; margin-left:-20px;'><a class='sa_slide_link_icon' href='https:\/\/communityfoundations.ca\/transformation-video\/' target='_blank' title='' aria-label=''><\/a><\/div>\n<h2><span style=\"color: #e0004d\"><span style=\"color: #c5299b\">How transformation can transpire: Engaging Gen Z<\/span><br \/><\/span><\/h2>\r\n<p><!--more--><\/p><\/div>\n<div id='slider_38438_slide04' class='sa_hover_container' style='padding:5% 5%; margin:0px 0%; background-image:url(&quot;https:\/\/communityfoundations.ca\/wp-content\/uploads\/2023\/07\/andrej-lisakov-h9nMauA7Y7w-unsplash-scaled.jpg&quot;); background-position:center center; background-size:cover; background-repeat:no-repeat; '><div class='sa_hover_buttons' style='top:50%; left:50%; margin-top:-20px; margin-left:-20px;'><a class='sa_slide_link_icon' href='https:\/\/communityfoundations.ca\/hci-stories-pei-lung-association\/%20' target='_blank' title='' aria-label=''><\/a><\/div>\n<h2><span style=\"color: #c5299b\">PEI Lung Association is Creating a Safe Online Space for People With Breathing Challenges<\/span><span style=\"color: #e0004d\"><br \/><\/span><\/h2>\r\n<p><!--more--><\/p><\/div>\n<div id='slider_38438_slide14' class='sa_hover_container' style='padding:5% 5%; margin:0px 0%; background-image:url(&quot;https:\/\/communityfoundations.ca\/wp-content\/uploads\/2022\/11\/green-chameleon-s9CC2SKySJM-unsplash-scaled.jpg&quot;); background-position:center center; background-size:cover; background-repeat:no-repeat; '><div class='sa_hover_buttons' style='top:50%; left:50%; margin-top:-20px; margin-left:-20px;'><a class='sa_slide_link_icon' href='https:\/\/communityfoundations.ca\/observations-on-how-to-advance-decent-work-from-community-foundations-of-canada\/%20' target='_blank' title='' aria-label=''><\/a><\/div>\n<h2><span style=\"color: #e0004d\"><span style=\"color: #c5299b\">Passion Led Us Here: Observations on how to advance decent work<\/span><br \/><\/span><\/h2>\r\n<p><!--more--><\/p><\/div>\n<div id='slider_38438_slide13' class='sa_hover_container' style='padding:5% 5%; margin:0px 0%; background-image:url(&quot;https:\/\/communityfoundations.ca\/wp-content\/uploads\/2023\/07\/youssef-naddam-iJ2IG8ckCpA-unsplash-1-scaled-e1688574676470.jpg&quot;); background-position:center center; background-size:cover; background-repeat:no-repeat; '><div class='sa_hover_buttons' style='top:50%; left:50%; margin-top:-20px; margin-left:-20px;'><a class='sa_slide_link_icon' href='https:\/\/communityfoundations.ca\/kia-y1-project-announcement\/%20' target='_blank' title='' aria-label=''><\/a><\/div>\n<h2><span style=\"color: #c5299b\">Kia Communities in Motion announces the 2022 recipients of funding<\/span><\/h2>\r\n<p><!--more--><\/p><\/div>\n<div id='slider_38438_slide05' class='sa_hover_container' style='padding:5% 5%; margin:0px 0%; background-image:url(&quot;https:\/\/communityfoundations.ca\/wp-content\/uploads\/2022\/11\/12-scaled-e1668538774219.jpeg&quot;); background-position:center bottom; background-size:cover; background-repeat:no-repeat; '><div class='sa_hover_buttons' style='top:50%; left:50%; margin-top:-20px; margin-left:-20px;'><a class='sa_slide_link_icon' href='https:\/\/communityfoundations.ca\/recovery-fund-national-funders-pr\/%20' target='_blank' title='' aria-label=''><\/a><\/div>\n<h2><span style=\"color: #e0004d\"><span style=\"color: #c5299b\">Government of Canada announces National Funders selected to support charities and non-profits<\/span><br \/><\/span><\/h2>\r\n<p><!--more--><\/p><\/div>\n<div id='slider_38438_slide09' class='sa_hover_container' style='padding:5% 5%; margin:0px 0%; background-image:url(&quot;https:\/\/communityfoundations.ca\/wp-content\/uploads\/2023\/07\/sps-universal-MnPF-0DTQ5c-unsplash-scaled-1.jpeg&quot;); background-position:center bottom; background-size:cover; background-repeat:no-repeat; '><div class='sa_hover_buttons' style='top:50%; left:50%; margin-top:-20px; margin-left:-20px;'><a class='sa_slide_link_icon' href='https:\/\/communityfoundations.ca\/press-release-community-foundations-of-canada-announces-the-launch-of-the-investment-readiness-program-funded-by-the-government-of-canada\/%20' target='_blank' title='' aria-label=''><\/a><\/div>\n<h2><span style=\"color: #e0004d\"><span style=\"color: #c5299b\">Community Foundations of Canada announces the launch of the Investment Readiness Program<\/span><br \/><\/span><\/h2>\r\n<p><!--more--><\/p><\/div>\n<div id='slider_38438_slide12' class='sa_hover_container' style='padding:5% 5%; margin:0px 0%; background-image:url(&quot;https:\/\/communityfoundations.ca\/wp-content\/uploads\/2023\/07\/jason-leung-AxKqisRPQSA-unsplash-scaled.jpg&quot;); background-position:center top; background-size:cover; background-repeat:no-repeat; '><div class='sa_hover_buttons' style='top:50%; left:50%; margin-top:-20px; margin-left:-20px;'><a class='sa_slide_link_icon' href='https:\/\/communityfoundations.ca\/cfc-pride-2022-what-pride-means-to-you\/%20' target='_blank' title='' aria-label=''><\/a><\/div>\n<h2><span style=\"color: #e0004d\"><span style=\"color: #c5299b\">CFC Pride 2022 \u2013 What Pride Means to You<\/span><br \/><\/span><\/h2>\r\n<p><!--more--><\/p><\/div>\n<div id='slider_38438_slide10' class='sa_hover_container' style='padding:5% 5%; margin:0px 0%; background-image:url(&quot;https:\/\/communityfoundations.ca\/wp-content\/uploads\/2023\/07\/tim-umphreys-y3rAdjBqFJE-unsplash-scaled.jpg&quot;); background-position:center bottom; background-size:cover; background-repeat:no-repeat; '><div class='sa_hover_buttons' style='top:50%; left:50%; margin-top:-20px; margin-left:-20px;'><a class='sa_slide_link_icon' href='https:\/\/communityfoundations.ca\/press-release-government-of-canada-announces-over-400-projects-to-help-canadian-communities-in-response-to-the-covid-19-pandemic\/' target='_blank' title='' aria-label=''><\/a><\/div>\n<h2><span style=\"color: #c5299b\">Over 400 projects announced to help Canadian communities in response to the COVID-19 pandemic<\/span><\/h2>\r\n<p><!--more--><\/p><\/div>\n<div id='slider_38438_slide02' class='sa_hover_container' style='padding:5% 5%; margin:0px 0%; background-image:url(&quot;https:\/\/communityfoundations.ca\/wp-content\/uploads\/2023\/07\/ignat-kushanrev-6U-4PMwa9PY-unsplash-scaled.jpg&quot;); background-position:center center; background-size:cover; background-repeat:no-repeat; '><div class='sa_hover_buttons' style='top:50%; left:50%; margin-top:-20px; margin-left:-20px;'><a class='sa_slide_link_icon' href='https:\/\/communityfoundations.ca\/hci-stories-amidst-rising-food-costs-tenant-led-shuttle-gives-newly-arrived-refugees-access-to-affordable-grocery-stores\/' target='_blank' title='' aria-label=''><\/a><\/div>\n<h2><span style=\"color: #c5299b\">Amidst rising food costs, tenant-led shuttle gives newly-arrived refugees access to affordable grocery stores<\/span><span style=\"color: #e0004d\"><br \/><\/span><\/h2>\r\n<p><!--more--><\/p><\/div>\n<div id='slider_38438_slide15' class='sa_hover_container' style='padding:5% 5%; margin:0px 0%; background-image:url(&quot;https:\/\/communityfoundations.ca\/wp-content\/uploads\/2023\/07\/karsten-wurth-HiE1bIIoRqQ-unsplash-scaled.jpg&quot;); background-position:center center; background-size:cover; background-repeat:no-repeat; '><div class='sa_hover_buttons' style='top:50%; left:50%; margin-top:-20px; margin-left:-20px;'><a class='sa_slide_link_icon' href='https:\/\/communityfoundations.ca\/our-commitments-to-anti-racism-at-community-foundations-of-canada\/%20' target='_blank' title='' aria-label=''><\/a><\/div>\n<h2><span style=\"color: #e0004d\"><span style=\"color: #c5299b\">Our Commitments to Anti-Racism at Community Foundations of Canada<\/span><br \/><\/span><\/h2>\r\n<p><!--more--><\/p><\/div>\n<\/div>\n<\/div>\n<script type='text\/javascript'>\n\tjQuery(document).ready(function() {\n\t\tjQuery('#slider_38438').owlCarousel({\n\t\t\titems : 1,\n\t\t\tsmartSpeed : 200,\n\t\t\tautoplay : true,\n\t\t\tautoplayTimeout : 5000,\n\t\t\tautoplayHoverPause : true,\n\t\t\tsmartSpeed : 200,\n\t\t\tfluidSpeed : 200,\n\t\t\tautoplaySpeed : 200,\n\t\t\tnavSpeed : 200,\n\t\t\tdotsSpeed : 200,\n\t\t\tloop : true,\n\t\t\tnav : true,\n\t\t\tnavText : ['Previous','Next'],\n\t\t\tdots : true,\n\t\t\tresponsiveRefreshRate : 200,\n\t\t\tslideBy : 1,\n\t\t\tmergeFit : true,\n\t\t\tautoHeight : false,\n\t\t\tmouseDrag : false,\n\t\t\ttouchDrag : true\n\t\t});\n\t\tjQuery('#slider_38438').css('visibility', 'visible');\n\t\tsa_resize_slider_38438();\n\t\twindow.addEventListener('resize', sa_resize_slider_38438);\n\t\tfunction sa_resize_slider_38438() {\n\t\t\tvar min_height = '50';\n\t\t\tvar win_width = jQuery(window).width();\n\t\t\tvar slider_width = jQuery('#slider_38438').width();\n\t\t\tif (win_width < 480) {\n\t\t\t\tvar slide_width = slider_width \/ 1;\n\t\t\t} else if (win_width < 768) {\n\t\t\t\tvar slide_width = slider_width \/ 1;\n\t\t\t} else if (win_width < 980) {\n\t\t\t\tvar slide_width = slider_width \/ 1;\n\t\t\t} else if (win_width < 1200) {\n\t\t\t\tvar slide_width = slider_width \/ 1;\n\t\t\t} else if (win_width < 1500) {\n\t\t\t\tvar slide_width = slider_width \/ 1;\n\t\t\t} else {\n\t\t\t\tvar slide_width = slider_width \/ 1;\n\t\t\t}\n\t\t\tslide_width = Math.round(slide_width);\n\t\t\tvar slide_height = '0';\n\t\t\tif (min_height == 'aspect43') {\n\t\t\t\tslide_height = (slide_width \/ 4) * 3;\t\t\t\tslide_height = Math.round(slide_height);\n\t\t\t} else if (min_height == 'aspect169') {\n\t\t\t\tslide_height = (slide_width \/ 16) * 9;\t\t\t\tslide_height = Math.round(slide_height);\n\t\t\t} else {\n\t\t\t\tslide_height = (slide_width \/ 100) * min_height;\t\t\t\tslide_height = Math.round(slide_height);\n\t\t\t}\n\t\t\tjQuery('#slider_38438 .owl-item .sa_hover_container').css('min-height', slide_height+'px');\n\t\t}\n\t\tvar owl_goto = jQuery('#slider_38438');\n\t\tjQuery('.slider_38438_goto1').click(function(event){\n\t\t\towl_goto.trigger('to.owl.carousel', 0);\n\t\t});\n\t\tjQuery('.slider_38438_goto2').click(function(event){\n\t\t\towl_goto.trigger('to.owl.carousel', 1);\n\t\t});\n\t\tjQuery('.slider_38438_goto3').click(function(event){\n\t\t\towl_goto.trigger('to.owl.carousel', 2);\n\t\t});\n\t\tjQuery('.slider_38438_goto4').click(function(event){\n\t\t\towl_goto.trigger('to.owl.carousel', 3);\n\t\t});\n\t\tjQuery('.slider_38438_goto5').click(function(event){\n\t\t\towl_goto.trigger('to.owl.carousel', 4);\n\t\t});\n\t\tjQuery('.slider_38438_goto6').click(function(event){\n\t\t\towl_goto.trigger('to.owl.carousel', 5);\n\t\t});\n\t\tjQuery('.slider_38438_goto7').click(function(event){\n\t\t\towl_goto.trigger('to.owl.carousel', 6);\n\t\t});\n\t\tjQuery('.slider_38438_goto8').click(function(event){\n\t\t\towl_goto.trigger('to.owl.carousel', 7);\n\t\t});\n\t\tjQuery('.slider_38438_goto9').click(function(event){\n\t\t\towl_goto.trigger('to.owl.carousel', 8);\n\t\t});\n\t\tjQuery('.slider_38438_goto10').click(function(event){\n\t\t\towl_goto.trigger('to.owl.carousel', 9);\n\t\t});\n\t\tjQuery('.slider_38438_goto11').click(function(event){\n\t\t\towl_goto.trigger('to.owl.carousel', 10);\n\t\t});\n\t\tjQuery('.slider_38438_goto12').click(function(event){\n\t\t\towl_goto.trigger('to.owl.carousel', 11);\n\t\t});\n\t\tjQuery('.slider_38438_goto13').click(function(event){\n\t\t\towl_goto.trigger('to.owl.carousel', 12);\n\t\t});\n\t\tjQuery('.slider_38438_goto14').click(function(event){\n\t\t\towl_goto.trigger('to.owl.carousel', 13);\n\t\t});\n\t\tjQuery('.slider_38438_goto15').click(function(event){\n\t\t\towl_goto.trigger('to.owl.carousel', 14);\n\t\t});\n\t\tjQuery('.slider_38438_goto16').click(function(event){\n\t\t\towl_goto.trigger('to.owl.carousel', 15);\n\t\t});\n\t\tvar resize_38438 = jQuery('.owl-carousel');\n\t\tresize_38438.on('initialized.owl.carousel', function(e) {\n\t\t\tif (typeof(Event) === 'function') {\n\t\t\t\twindow.dispatchEvent(new Event('resize'));\n\t\t\t} else {\n\t\t\t\tvar evt = window.document.createEvent('UIEvents');\n\t\t\t\tevt.initUIEvent('resize', true, false, window, 0);\n\t\t\t\twindow.dispatchEvent(evt);\n\t\t\t}\n\t\t});\n\t});\n<\/script>\n\n\n\n\n<div style=\"height:63px\" aria-hidden=\"true\" class=\"wp-block-spacer\"><\/div>\n\n\n\n<h3 class=\"wp-block-heading has-text-color\" style=\"color:#c5299b\"><strong>Donn\u00e9es financi\u00e8res<\/strong><\/h3>\n\n\n\n<p>CFC continues to support the network of community foundations through grants and its operational spending.  See below for a link to CFC&rsquo;s full 2022 financials. <\/p>\n\n\n\n<div style=\"height:30px\" aria-hidden=\"true\" class=\"wp-block-spacer\"><\/div>\n\n\n\n<div class=\"wp-block-buttons is-content-justification-center is-layout-flex wp-container-core-buttons-is-layout-16018d1d wp-block-buttons-is-layout-flex\">\n<div class=\"wp-block-button\"><a class=\"wp-block-button__link has-background wp-element-button\" href=\"https:\/\/communityfoundations.ca\/wp-content\/uploads\/2019\/04\/FR-Audited-Financials-2022.pdf\" style=\"background-color:#c5299b\" target=\"_blank\" rel=\"noreferrer noopener\">\u00c9TATS FINANCIERS COMPLETS ET AUDIT\u00c9S<\/a><\/div>\n<\/div>\n\n\n\n<div style=\"height:70px\" aria-hidden=\"true\" class=\"wp-block-spacer\"><\/div>\n\n\n\n<h3 class=\"wp-block-heading has-text-color\" style=\"color:#c5299b\">Exploration du r\u00e9seau<\/h3>\n\n\n\n<div style=\"height:23px\" aria-hidden=\"true\" class=\"wp-block-spacer\"><\/div>\n\n\n\n<p>La carte ci-dessous vous permet d\u2019explorer le r\u00e9seau national des fondations communautaires et de visualiser sa r\u00e9partition g\u00e9ographique ainsi que de vous renseigner sur l\u2019octroi de subventions, les programmes de FCC auxquels les diff\u00e9rentes fondations participent et les projets financ\u00e9s.<\/p>\n\n\n\n<div style=\"height:43px\" aria-hidden=\"true\" class=\"wp-block-spacer\"><\/div>\n\n\n\n<div id=\"embed-map-block_1c90f922697da482b26eb1e30c450b10-container\">\n\t<div id=\"embed-map-block_1c90f922697da482b26eb1e30c450b10\" class=\"embed-map\" onClick=\"enableMapControls();\">\n\t\t<iframe frameborder=\"0\" src=\"https:\/\/cfc-fcc.carto.com\/builder\/d9672396-3d64-48ef-8240-ce227693d9f7\/embed?state=%7B%22map%22%3A%7B%22ne%22%3A%5B23.56398712845123%2C-159.25781250000003%5D%2C%22sw%22%3A%5B71.1877539181316%2C-28.4765625%5D%2C%22center%22%3A%5B53.54030739150022%2C-93.86718750000001%5D%2C%22zoom%22%3A4%7D%7D\" allowfullscreen webkitallowfullscreen mozallowfullscreen oallowfullscreen msallowfullscreen><\/iframe>\n\t<\/div>\n<\/div>\n<style type=\"text\/css\">\n\t#embed-map-block_1c90f922697da482b26eb1e30c450b10-container {\n\t\tposition: relative;\n\t}\n\t#embed-map-block_1c90f922697da482b26eb1e30c450b10 {\n\t\twidth: 100vw;\n\t\theight: 726px;\n\t\tposition: relative;\n\t\tleft: 50%;\n\t\tright: 50%;\n\t\tpadding: 0;\n\t\tmargin-left: -50vw;\n\t\tmargin-right: -50vw;\n\t}\n\t#embed-map-block_1c90f922697da482b26eb1e30c450b10 iframe {\n\t\tposition: absolute;\n\t\ttop: 0;\n\t\tleft: 0;\n\t\tbottom: 0;\n\t\twidth: 100%;\n\t\theight: 100%;\n\t\tborder: 0;\n\t\tmargin: 0;\n\t\tpadding: 0;\n\t}\n\tfooter {\n\t\tmargin-top: 0 !important;\n\t}\n<\/style>\n","protected":false},"excerpt":{"rendered":"<p>R\u00e9cits de 2022 Donn\u00e9es financi\u00e8res CFC continues to support the network of community foundations through grants and its operational spending. See below for a link to CFC&rsquo;s full 2022 financials. Exploration du r\u00e9seau La carte ci-dessous vous permet d\u2019explorer le r\u00e9seau national des fondations communautaires et de visualiser sa r\u00e9partition g\u00e9ographique ainsi que de vous [&hellip;]<\/p>\n","protected":false},"author":9,"featured_media":0,"parent":0,"menu_order":0,"comment_status":"closed","ping_status":"closed","template":"","meta":{"footnotes":""},"class_list":["post-38672","page","type-page","status-publish","hentry"],"acf":[],"_links":{"self":[{"href":"https:\/\/communityfoundations.ca\/fr\/wp-json\/wp\/v2\/pages\/38672","targetHints":{"allow":["GET"]}}],"collection":[{"href":"https:\/\/communityfoundations.ca\/fr\/wp-json\/wp\/v2\/pages"}],"about":[{"href":"https:\/\/communityfoundations.ca\/fr\/wp-json\/wp\/v2\/types\/page"}],"author":[{"embeddable":true,"href":"https:\/\/communityfoundations.ca\/fr\/wp-json\/wp\/v2\/users\/9"}],"replies":[{"embeddable":true,"href":"https:\/\/communityfoundations.ca\/fr\/wp-json\/wp\/v2\/comments?post=38672"}],"version-history":[{"count":8,"href":"https:\/\/communityfoundations.ca\/fr\/wp-json\/wp\/v2\/pages\/38672\/revisions"}],"predecessor-version":[{"id":38702,"href":"https:\/\/communityfoundations.ca\/fr\/wp-json\/wp\/v2\/pages\/38672\/revisions\/38702"}],"wp:attachment":[{"href":"https:\/\/communityfoundations.ca\/fr\/wp-json\/wp\/v2\/media?parent=38672"}],"curies":[{"name":"wp","href":"https:\/\/api.w.org\/{rel}","templated":true}]}}