{"id":48092,"date":"2026-08-13T12:42:35","date_gmt":"2026-08-13T16:42:35","guid":{"rendered":"https:\/\/communityfoundations.ca\/call-for-proposals\/"},"modified":"2026-08-20T14:48:21","modified_gmt":"2026-08-20T18:48:21","slug":"appel-de-propositions","status":"publish","type":"page","link":"https:\/\/communityfoundations.ca\/fr\/appel-de-propositions\/","title":{"rendered":"Appel de propositions"},"content":{"rendered":"\n<div class=\"wp-block-group alignwide\"><div class=\"wp-block-group__inner-container is-layout-constrained wp-block-group-is-layout-constrained\">\n<p class=\"has-text-align-center has-custom-css wp-custom-css-b1e65756 wp-block-paragraph\"><mark style=\"background-color:rgba(0, 0, 0, 0);color:#000000\" class=\"has-inline-color\">Vous pouvez contribuer \u00e0 fa\u00e7onner Pour l\u2019avenir&#8230; en partageant votre exp\u00e9rience, vos questions et vos id\u00e9es.<\/mark><\/p>\n\n\n\n<div style=\"height:40px\" aria-hidden=\"true\" class=\"wp-block-spacer\"><\/div>\n\n\n\n<p class=\"has-text-align-center has-custom-css wp-custom-css-c549462a wp-block-paragraph\">Partout au Canada, les fondations communautaires \u2013 ainsi que les personnes et les organismes avec lesquels elles collaborent \u2013 aident les communaut\u00e9s \u00e0 traverser l\u2019incertitude, \u00e0 renforcer les liens de confiance, \u00e0 s\u2019adapter au changement et \u00e0 investir dans dans l\u2019avenir, pour notre g\u00e9n\u00e9ration et les suivantes.<\/p>\n\n\n\n<p class=\"has-text-align-center has-custom-css wp-custom-css-9d01f3ad wp-block-paragraph\">Le th\u00e8me de la conf\u00e9rence 2027 de FCC, \u00ab <em>Pour l\u2019avenir\u2026<\/em> \u00bb, nous invite \u00e0 imaginer et \u00e0 fa\u00e7onner ensemble l\u2019avenir de nos communaut\u00e9s, de nos organismes et de la philanthropie.<\/p>\n\n\n\n<p class=\"has-text-align-center has-custom-css wp-custom-css-6936b827 wp-block-paragraph\">Organis\u00e9e conjointement avec la <strong><a href=\"https:\/\/www.wpgfdn.org\/\" data-type=\"link\" data-id=\"https:\/\/www.wpgfdn.org\/\" target=\"_blank\" rel=\"noreferrer noopener\">Winnipeg Foundation<\/a><\/strong> et <strong><a href=\"https:\/\/francofonds.org\/\" data-type=\"link\" data-id=\"https:\/\/francofonds.org\/\" target=\"_blank\" rel=\"noreferrer noopener\">Francofonds<\/a><\/strong>, la conf\u00e9rence accueillera plus de 700 participant\u00b7es d\u2019un oc\u00e9an \u00e0 l\u2019autre, dont des fondations communautaires, des organismes de bienfaisance et des organismes sans but lucratif, des organismes philanthropiques, des gouvernements, des entreprises, des dirigeant\u00b7es autochtones, des chercheur\u00b7euses, des \u00e9tudiant\u00b7es et des partenaires communautaires.<\/p>\n\n\n\n<p class=\"has-text-align-center conference-intro has-custom-css wp-custom-css-5508b8ff wp-block-paragraph\">En tant que conf\u00e9rence bilingue, nous nous engageons \u00e0 cr\u00e9er un espace inclusif o\u00f9 les participant\u00b7es peuvent s\u2019exprimer \u00e0 la fois en fran\u00e7ais et en anglais. Nous encourageons les propositions qui refl\u00e8tent la diversit\u00e9 linguistique, culturelle et r\u00e9gionale du Canada, reconnaissant que l\u2019avenir est renforc\u00e9 par la pluralit\u00e9 des voix, des exp\u00e9riences et des modes de connaissance.<\/p>\n\n\n\n<div style=\"height:40px\" aria-hidden=\"true\" class=\"wp-block-spacer\"><\/div>\n\n\n\n<div class=\"wp-block-buttons is-content-justification-center is-layout-flex wp-container-core-buttons-is-layout-fe48e5de wp-block-buttons-is-layout-flex\">\n<div class=\"wp-block-button ftfo-cfp-button has-custom-css wp-custom-css-92027cca\"><a class=\"wp-block-button__link wp-element-button\" href=\"https:\/\/communityfoundations.ca\/fr\/initiatives\/for-the-future-of-2027\/\" target=\"_blank\" rel=\"noopener\"><strong>Pour en savoir plus sur Pour l\u2019avenir\u2026<\/strong><\/a><\/div>\n<\/div>\n\n\n\n<div style=\"height:40px\" aria-hidden=\"true\" class=\"wp-block-spacer\"><\/div>\n<\/div><\/div>\n\n\n\n<div class=\"wp-block-group alignwide ftfo-streams\"><div class=\"wp-block-group__inner-container is-layout-constrained wp-block-group-is-layout-constrained\">\n<h2 class=\"wp-block-heading has-custom-css wp-custom-css-654927e1\"><strong><mark style=\"background-color:rgba(0, 0, 0, 0);color:#000000\" class=\"has-inline-color\">Axes d\u2019apprentissage<\/mark><\/strong><\/h2>\n\n\n\n<p class=\"has-custom-css wp-custom-css-87f4acda wp-block-paragraph\">Le programme de la conf\u00e9rence est organis\u00e9 autour de quatre axes d\u2019apprentissage. Ces axes sont destin\u00e9s \u00e0 inspirer des id\u00e9es plut\u00f4t qu\u2019\u00e0 les d\u00e9finir. Si votre proposition fait le lien entre plusieurs domaines \u2013 ou ne s\u2019inscrit pas clairement dans une seule cat\u00e9gorie \u2013, nous serions tout de m\u00eame ravis d\u2019en prendre connaissance.<\/p>\n\n\n\n<div class=\"wp-block-columns is-layout-flex wp-container-core-columns-is-layout-8f761849 wp-block-columns-is-layout-flex\">\n<div class=\"wp-block-column has-custom-css is-layout-flow wp-block-column-is-layout-flow wp-custom-css-e970eee1\">\n<div class=\"wp-block-group ftfo-stream-card has-custom-css wp-custom-css-41e31972\"><div class=\"wp-block-group__inner-container is-layout-constrained wp-block-group-is-layout-constrained\">\n<h4 class=\"wp-block-heading\"><strong><mark style=\"background-color:rgba(0, 0, 0, 0);color:#ffb2b4\" class=\"has-inline-color\">Pour l\u2019avenir\u2026 des communaut\u00e9s<\/mark><\/strong><\/h4>\n\n\n\n<p class=\"has-custom-css wp-custom-css-c003126a wp-block-paragraph\">Leadership communautaire, octroi de subventions, r\u00e9conciliation, restitution des terres et priorit\u00e9s autochtones, \u00e9quit\u00e9 et appartenance, communaut\u00e9s rurales, nordiques et \u00e9loign\u00e9es, r\u00e9silience climatique, b\u00e9n\u00e9volat et engagement civique, logement et accessibilit\u00e9 financi\u00e8re.<\/p>\n<\/div><\/div>\n<\/div>\n\n\n\n<div class=\"wp-block-column has-custom-css is-layout-flow wp-block-column-is-layout-flow wp-custom-css-abef0998\">\n<div class=\"wp-block-group ftfo-stream-card has-custom-css wp-custom-css-d4d9d95e\"><div class=\"wp-block-group__inner-container is-layout-constrained wp-block-group-is-layout-constrained\">\n<h4 class=\"wp-block-heading\"><strong><mark style=\"background-color:rgba(0, 0, 0, 0);color:#ffb2b4\" class=\"has-inline-color\">Pour l\u2019avenir\u2026 de l\u2019innovation<\/mark><\/strong><\/h4>\n\n\n\n<p class=\"has-custom-css wp-custom-css-f7a60f58 wp-block-paragraph\">Leadership, gouvernance et efficacit\u00e9 organisationnelle, ressources humaines et culture organisationnelle, communication et narration, partenariats et collaboration, engagement des b\u00e9n\u00e9voles et du conseil d\u2019administration et excellence op\u00e9rationnelle.<\/p>\n<\/div><\/div>\n<\/div>\n<\/div>\n\n\n\n<div class=\"wp-block-columns is-layout-flex wp-container-core-columns-is-layout-8f761849 wp-block-columns-is-layout-flex\">\n<div class=\"wp-block-column has-custom-css is-layout-flow wp-block-column-is-layout-flow wp-custom-css-598b057f\">\n<div class=\"wp-block-group ftfo-stream-card has-custom-css wp-custom-css-49d624b5\"><div class=\"wp-block-group__inner-container is-layout-constrained wp-block-group-is-layout-constrained\">\n<h4 class=\"wp-block-heading\"><strong><mark style=\"background-color:rgba(0, 0, 0, 0);color:#ffb2b4\" class=\"has-inline-color\">Pour l\u2019avenir\u2026 de la g\u00e9n\u00e9rosit\u00e9<\/mark><\/strong><\/h4>\n\n\n\n<p class=\"has-custom-css wp-custom-css-3de9a942 wp-block-paragraph\">Engagement et fid\u00e9lisation des donateurs, d\u00e9veloppement des fonds et croissance des actifs, dons planifi\u00e9s, fonds de dotation, cr\u00e9ation de richesse communautaire, investissements, viabilit\u00e9 financi\u00e8re et d\u00e9veloppement d\u2019une culture de la g\u00e9n\u00e9rosit\u00e9.<\/p>\n<\/div><\/div>\n<\/div>\n\n\n\n<div class=\"wp-block-column has-custom-css is-layout-flow wp-block-column-is-layout-flow wp-custom-css-5f7a2e42\">\n<div class=\"wp-block-group ftfo-stream-card has-custom-css wp-custom-css-d6ea5662\"><div class=\"wp-block-group__inner-container is-layout-constrained wp-block-group-is-layout-constrained\">\n<h4 class=\"wp-block-heading\"><mark style=\"background-color:rgba(0, 0, 0, 0);color:#ffb2b4\" class=\"has-inline-color\"><strong>Pour l\u2019avenir\u2026<\/strong> innovation<\/mark><\/h4>\n\n\n\n<p class=\"has-custom-css wp-custom-css-9d61bbb3 wp-block-paragraph\">Intelligence artificielle et technologies \u00e9mergentes, innovation et changement syst\u00e9mique, politiques publiques, leadership civique, philanthropie tourn\u00e9e vers l\u2019avenir, et collaboration intersectorielle.<\/p>\n<\/div><\/div>\n<\/div>\n<\/div>\n\n\n\n<div style=\"height:60px\" aria-hidden=\"true\" class=\"wp-block-spacer\"><\/div>\n<\/div><\/div>\n\n\n\n<div class=\"wp-block-group alignwide\"><div class=\"wp-block-group__inner-container is-layout-constrained wp-block-group-is-layout-constrained\">\n<figure class=\"wp-block-image alignwide size-large\"><img loading=\"lazy\" decoding=\"async\" width=\"1024\" height=\"699\" src=\"https:\/\/communityfoundations.ca\/wp-content\/uploads\/2026\/08\/Copy-of-JG_06062019_RealTalk003-1-1024x699.jpg\" alt=\"\" class=\"wp-image-48212\" srcset=\"https:\/\/communityfoundations.ca\/wp-content\/uploads\/2026\/08\/Copy-of-JG_06062019_RealTalk003-1-1024x699.jpg 1024w, https:\/\/communityfoundations.ca\/wp-content\/uploads\/2026\/08\/Copy-of-JG_06062019_RealTalk003-1-300x205.jpg 300w, https:\/\/communityfoundations.ca\/wp-content\/uploads\/2026\/08\/Copy-of-JG_06062019_RealTalk003-1-768x524.jpg 768w, https:\/\/communityfoundations.ca\/wp-content\/uploads\/2026\/08\/Copy-of-JG_06062019_RealTalk003-1-1536x1048.jpg 1536w, https:\/\/communityfoundations.ca\/wp-content\/uploads\/2026\/08\/Copy-of-JG_06062019_RealTalk003-1-2048x1398.jpg 2048w\" sizes=\"auto, (max-width: 1024px) 100vw, 1024px\" \/><\/figure>\n\n\n\n<div class=\"wp-block-columns rfp-content-panel has-custom-css is-layout-flex wp-container-core-columns-is-layout-8f761849 wp-block-columns-is-layout-flex wp-custom-css-c08662a8\">\n<div class=\"wp-block-column is-layout-flow wp-block-column-is-layout-flow\" style=\"flex-basis:40%\">\n<div class=\"wp-block-group is-nowrap is-layout-flex wp-container-core-group-is-layout-8f761849 wp-block-group-is-layout-flex\">\n<div class=\"wp-block-group alignwide\"><div class=\"wp-block-group__inner-container is-layout-constrained wp-block-group-is-layout-constrained\">\n<h2 class=\"wp-block-heading has-custom-css wp-custom-css-57d8dc2a\" style=\"font-size:45px\"><strong><mark style=\"background-color:rgba(0, 0, 0, 0);color:#ffffff\" class=\"has-inline-color\">Ce que nous recherchons<\/mark><\/strong><\/h2>\n\n\n\n<div style=\"height:60px\" aria-hidden=\"true\" class=\"wp-block-spacer\"><\/div>\n<\/div><\/div>\n<\/div>\n<\/div>\n\n\n\n<div class=\"wp-block-column is-layout-flow wp-block-column-is-layout-flow\" style=\"flex-basis:60%\">\n<div class=\"wp-block-group is-nowrap is-layout-flex wp-container-core-group-is-layout-8f761849 wp-block-group-is-layout-flex\">\n<div class=\"wp-block-group alignwide\"><div class=\"wp-block-group__inner-container is-layout-constrained wp-block-group-is-layout-constrained\">\n<p class=\"has-custom-css wp-custom-css-17e094ba wp-block-paragraph\"><strong><mark style=\"background-color:rgba(0, 0, 0, 0);color:#ffffff\" class=\"has-inline-color\">Des propositions solides qui permettent de :<\/mark><\/strong><\/p>\n\n\n\n<div class=\"wp-block-group has-custom-css is-nowrap is-layout-flex wp-container-core-group-is-layout-8f761849 wp-block-group-is-layout-flex wp-custom-css-7d945817\">\n<ul class=\"wp-block-list\">\n<li class=\"has-custom-css wp-custom-css-2fca0dab\"><mark style=\"background-color:rgba(0, 0, 0, 0);color:#ffffff\" class=\"has-inline-color\">faire le lien avec le th\u00e8me de la conf\u00e9rence et un ou plusieurs axes d\u2019apprentissage;<\/mark><\/li>\n\n\n\n<li class=\"has-custom-css wp-custom-css-bcb3c429\"><mark style=\"background-color:rgba(0, 0, 0, 0);color:#ffffff\" class=\"has-inline-color\">discuter des opportunit\u00e9s et des d\u00e9fis auxquels font face les communaut\u00e9s et la philanthropie;<\/mark><\/li>\n\n\n\n<li class=\"has-custom-css wp-custom-css-52b98496\"><mark style=\"background-color:rgba(0, 0, 0, 0);color:#ffffff\" class=\"has-inline-color\">cr\u00e9er des occasions de dialogue, de participation et d\u2019apprentissage entre pairs.<\/mark><\/li>\n\n\n\n<li class=\"has-custom-css wp-custom-css-aa2eb595\"><mark style=\"background-color:rgba(0, 0, 0, 0);color:#ffffff\" class=\"has-inline-color\">partager des id\u00e9es pratiques, des outils, des ressources ou des le\u00e7ons que les participant\u00b7es peuvent adapter \u00e0 leurs propres communaut\u00e9s;<\/mark><\/li>\n\n\n\n<li class=\"has-custom-css wp-custom-css-c8f96589\"><mark style=\"background-color:rgba(0, 0, 0, 0);color:#ffffff\" class=\"has-inline-color\">rassembler des perspectives et des exp\u00e9riences diverses;<\/mark><\/li>\n\n\n\n<li class=\"has-custom-css wp-custom-css-0f84f977\"><mark style=\"background-color:rgba(0, 0, 0, 0);color:#ffffff\" class=\"has-inline-color\">encourager la curiosit\u00e9, la cr\u00e9ativit\u00e9 et les nouvelles fa\u00e7ons de penser;<\/mark><\/li>\n\n\n\n<li class=\"has-custom-css wp-custom-css-cac37e7f\"><mark style=\"background-color:rgba(0, 0, 0, 0);color:#ffffff\" class=\"has-inline-color\">partager ses travaux en cours, ses r\u00e9flexions sinc\u00e8res et le\u00e7ons apprises, et pas seulement ses plus belles r\u00e9ussites.<\/mark><\/li>\n<\/ul>\n<\/div>\n\n\n\n<div style=\"height:15px\" aria-hidden=\"true\" class=\"wp-block-spacer\"><\/div>\n\n\n\n<p class=\"has-text-align-left has-custom-css wp-custom-css-412c7ec1 wp-block-paragraph\"><mark style=\"background-color:rgba(0, 0, 0, 0);color:#ffffff\" class=\"has-inline-color\">Les s\u00e9ances durent <strong>75 ou 90 minutes <\/strong>et peuvent \u00eatre dispens\u00e9es en anglais ou en fran\u00e7ais. Les s\u00e9ances bilingues sont encourag\u00e9es.<\/mark><\/p>\n<\/div><\/div>\n<\/div>\n<\/div>\n<\/div>\n<\/div><\/div>\n\n\n\n<div style=\"height:60px\" aria-hidden=\"true\" class=\"wp-block-spacer\"><\/div>\n\n\n\n<div class=\"wp-block-columns alignwide is-layout-flex wp-container-core-columns-is-layout-8f761849 wp-block-columns-is-layout-flex\">\n<div class=\"wp-block-column has-custom-css is-layout-flow wp-block-column-is-layout-flow wp-custom-css-e1174b69\">\n<div class=\"wp-block-group has-custom-css wp-custom-css-32a4e9c4\"><div class=\"wp-block-group__inner-container is-layout-constrained wp-block-group-is-layout-constrained\">\n<h2 class=\"wp-block-heading has-custom-css wp-custom-css-f263c8f9\"><strong><mark style=\"background-color:rgba(0, 0, 0, 0);color:#000000\" class=\"has-inline-color\">Adaptation de la proposition \u00e0 votre public<\/mark><\/strong><\/h2>\n\n\n\n<p class=\"has-custom-css wp-custom-css-87f2628d wp-block-paragraph\">Lors de la pr\u00e9paration de votre proposition, r\u00e9fl\u00e9chissez \u00e0 qui tirera le plus grand b\u00e9n\u00e9fice de votre s\u00e9ance.<\/p>\n\n\n\n<p class=\"has-custom-css wp-custom-css-743d6505 wp-block-paragraph\">Le public cible potentiel comprend :<\/p>\n\n\n\n<ul class=\"wp-block-list\">\n<li class=\"has-custom-css wp-custom-css-507909f4\">des fondations communautaires de petite taille, rurales, isol\u00e9es et g\u00e9r\u00e9es par des b\u00e9n\u00e9voles;<\/li>\n\n\n\n<li class=\"has-custom-css wp-custom-css-d2eb63d4\">des fondations communautaires de taille moyenne et grande;<\/li>\n\n\n\n<li class=\"has-custom-css wp-custom-css-f34c0828\">des fondations dirig\u00e9es par des Autochtones et ancr\u00e9es dans l\u2019identit\u00e9;<\/li>\n\n\n\n<li class=\"has-custom-css wp-custom-css-7ce70dc3\">des membres du conseil d\u2019administration et\/ou des b\u00e9n\u00e9voles de fondations communautaires;<\/li>\n\n\n\n<li class=\"has-custom-css wp-custom-css-497276dc\">des membres de la direction g\u00e9n\u00e9rale et de la haute direction;<\/li>\n\n\n\n<li class=\"has-custom-css wp-custom-css-8d0cd791\">du personnel issu de tous les domaines;<\/li>\n\n\n\n<li class=\"has-custom-css wp-custom-css-0147e475\">des partenaires du secteur caritatif et philanthropique;<\/li>\n\n\n\n<li class=\"has-custom-css wp-custom-css-8a4580ab\">des publics intersectoriels.<\/li>\n<\/ul>\n\n\n\n<div style=\"height:195px\" aria-hidden=\"true\" class=\"wp-block-spacer\"><\/div>\n<\/div><\/div>\n<\/div>\n\n\n\n<div class=\"wp-block-column has-custom-css is-layout-flow wp-block-column-is-layout-flow wp-custom-css-bc4c45e5\">\n<div class=\"wp-block-group has-custom-css wp-custom-css-88aa2aae\"><div class=\"wp-block-group__inner-container is-layout-constrained wp-block-group-is-layout-constrained\">\n<h2 class=\"wp-block-heading has-custom-css wp-custom-css-f7d68c08\"><strong><mark style=\"background-color:rgba(0, 0, 0, 0);color:#020202\" class=\"has-inline-color\">Formats des s\u00e9ances<\/mark><\/strong><\/h2>\n\n\n\n<p class=\"has-custom-css wp-custom-css-7d407120 wp-block-paragraph\">Les participant\u00b7es nous disent r\u00e9guli\u00e8rement qu\u2019ils appr\u00e9cient les apprentissages pratiques qu\u2019ils peuvent mettre en \u0153uvre au sein de leurs organismes et de leurs communaut\u00e9s.<\/p>\n\n\n\n<p class=\"has-custom-css wp-custom-css-1419f508 wp-block-paragraph\">Nous encourageons l\u2019apprentissage interactif qui cr\u00e9e des occasions de discussion, d\u2019\u00e9change et de collaboration.<\/p>\n\n\n\n<p class=\"has-custom-css wp-custom-css-ad6d7ee9 wp-block-paragraph\">Les formats peuvent \u00eatre les suivants :<\/p>\n\n\n\n<ul class=\"wp-block-list\">\n<li class=\"has-custom-css wp-custom-css-74cbefa8\">ateliers<\/li>\n\n\n\n<li class=\"has-custom-css wp-custom-css-63733ae2\">groupes de discussion<\/li>\n\n\n\n<li class=\"has-custom-css wp-custom-css-40db81ae\">\u00e9tudes de cas<\/li>\n\n\n\n<li class=\"has-custom-css wp-custom-css-bde7eeb8\">\u00e9changes entre pairs<\/li>\n\n\n\n<li class=\"has-custom-css wp-custom-css-e52244b3\">discussions dirig\u00e9es<\/li>\n\n\n\n<li class=\"has-custom-css wp-custom-css-16e7b78f\">tables rondes<\/li>\n\n\n\n<li class=\"has-custom-css wp-custom-css-5fb76f5d\">s\u00e9ances de travail interactives<\/li>\n<\/ul>\n\n\n\n<p class=\"has-custom-css wp-custom-css-d3e8fcbd wp-block-paragraph\">Dans la mesure du possible, incluez des outils, des mod\u00e8les, des ressources ou d\u2019autres \u00e9l\u00e9ments \u00e0 retenir qui permettent de prolonger l\u2019apprentissage au-del\u00e0 de la conf\u00e9rence.<\/p>\n\n\n\n<p class=\"has-custom-css wp-custom-css-993fe02f wp-block-paragraph\">Pour cr\u00e9er un programme \u00e9quilibr\u00e9 et attrayant, FCC peut combiner des propositions compl\u00e9mentaires, inviter des intervenant\u00b7es \u00e0 collaborer ou sugg\u00e9rer des formats alternatifs.<\/p>\n<\/div><\/div>\n<\/div>\n<\/div>\n\n\n\n<div style=\"height:60px\" aria-hidden=\"true\" class=\"wp-block-spacer\"><\/div>\n\n\n\n<div class=\"wp-block-columns alignwide has-custom-css has-background is-layout-flex wp-container-core-columns-is-layout-8f761849 wp-block-columns-is-layout-flex wp-custom-css-e24fce5a\" style=\"background-color:#2f2938\">\n<div class=\"wp-block-column has-custom-css is-layout-flow wp-block-column-is-layout-flow wp-custom-css-035500c5\">\n<h2 class=\"wp-block-heading has-text-align-left has-custom-css has-text-color has-link-color wp-elements-1 wp-custom-css-4bb8573b\" style=\"color:#ffffff;font-size:50px\"><strong><mark style=\"background-color:rgba(0, 0, 0, 0);color:#0b0b0b\" class=\"has-inline-color\">Qui devrait soumettre une proposition?<\/mark><\/strong><\/h2>\n<\/div>\n\n\n\n<div class=\"wp-block-column is-layout-flow wp-block-column-is-layout-flow\">\n<p class=\"has-custom-css wp-custom-css-a83ba129 wp-block-paragraph\"><mark style=\"background-color:rgba(0, 0, 0, 0);color:#050505\" class=\"has-inline-color\">Nous accueillons favorablement les propositions du personnel et des b\u00e9n\u00e9voles des fondations communautaires, des dirigeant\u00b7es autochtones, des organismes de bienfaisance et \u00e0 but non lucratif, des chercheur\u00b7euses, des d\u00e9cideur\u00b7euses politiques, des organismes communautaires, des entreprises, des \u00e9tudiant\u00b7es et des partenaires communautaires.<\/mark><\/p>\n\n\n\n<p class=\"has-custom-css wp-custom-css-3b1d34f7 wp-block-paragraph\"><mark style=\"background-color:rgba(0, 0, 0, 0);color:#050505\" class=\"has-inline-color\">Que vous souhaitiez partager une pratique \u00e9prouv\u00e9e, une id\u00e9e \u00e9mergente ou une question pertinente, nous serions ravis d\u2019avoir de vos nouvelles.<\/mark><\/p>\n\n\n\n<p class=\"has-custom-css wp-custom-css-040e25b4 wp-block-paragraph\"><mark style=\"background-color:rgba(0, 0, 0, 0);color:#0e0e0e\" class=\"has-inline-color\">Si vous n\u2019\u00eates pas membre d\u2019une fondation communautaire, nous vous encourageons \u00e0 nouer un partenariat avec un membre du personnel ou un b\u00e9n\u00e9vole d\u2019une telle fondation. FCC peut \u00e9galement, le cas \u00e9ch\u00e9ant, mettre en relation des intervenant\u00b7es poss\u00e9dant une exp\u00e9rience compl\u00e9mentaire afin de renforcer une s\u00e9ance.<\/mark><\/p>\n<\/div>\n<\/div>\n\n\n\n<div class=\"wp-block-group alignwide\"><div class=\"wp-block-group__inner-container is-layout-constrained wp-block-group-is-layout-constrained\">\n<div style=\"height:60px\" aria-hidden=\"true\" class=\"wp-block-spacer\"><\/div>\n<\/div><\/div>\n\n\n\n\n\n<div class=\"wp-block-group alignwide ftfo-presenter-support has-custom-css wp-custom-css-c153c4ae\"><div class=\"wp-block-group__inner-container is-layout-constrained wp-block-group-is-layout-constrained\">\n<h2 class=\"wp-block-heading has-custom-css wp-custom-css-2570a06c\"><strong><mark style=\"background-color:rgba(0, 0, 0, 0);color:#ffffff\" class=\"has-inline-color\">Soutien aux intervenant\u00b7es<\/mark><\/strong><\/h2>\n\n\n\n<p class=\"has-custom-css wp-custom-css-9bda2436 wp-block-paragraph\">Au c\u0153ur de <strong><a href=\"https:\/\/communityfoundations.ca\/fr\/initiatives\/for-the-future-of-2027\/\" data-type=\"link\" data-id=\"https:\/\/communityfoundations.ca\/fr\/initiatives\/for-the-future-of-2027\/\" target=\"_blank\" rel=\"noopener\">Pour l\u2019avenir\u2026 <\/a><\/strong>se trouve l\u2019occasion de se r\u00e9unir, d\u2019\u00e9changer des id\u00e9es et d\u2019imaginer ensemble l\u2019avenir. La conf\u00e9rence est un lieu de rencontre pour les acteurs du mouvement des fondations communautaires, de la philanthropie et des communaut\u00e9s, afin de partager, d\u2019apprendre et de renforcer notre travail collectif. Nous sommes tr\u00e8s reconnaissants aux intervenant\u00b7es qui donnent g\u00e9n\u00e9reusement de leur temps et de leur expertise.<\/p>\n\n\n\n<p class=\"has-custom-css wp-custom-css-ec10bce5 wp-block-paragraph\">Nous reconnaissons \u00e9galement que de nombreuses personnes souhaitant contribuer se heurtent \u00e0 des obstacles financiers qui les emp\u00eachent de participer. Afin de permettre aux participant\u00b7es de la conf\u00e9rence de b\u00e9n\u00e9ficier d\u2019un large \u00e9ventail de points de vue, d\u2019exp\u00e9riences et d\u2019expertises, nous offrons le soutien suivant aux intervenant\u00b7es retenu\u00b7es.<\/p>\n\n\n\n<div data-wp-context=\"{ &quot;autoclose&quot;: false, &quot;accordionItems&quot;: [] }\" data-wp-interactive=\"core\/accordion\" role=\"group\" class=\"wp-block-accordion is-layout-flow wp-block-accordion-is-layout-flow\">\n<div data-wp-class--is-open=\"state.isOpen\" data-wp-context=\"{ &quot;id&quot;: &quot;accordion-item-1&quot;, &quot;openByDefault&quot;: false }\" data-wp-init=\"callbacks.initAccordionItems\" data-wp-on-window--hashchange=\"callbacks.hashChange\" class=\"wp-block-accordion-item is-layout-flow wp-block-accordion-item-is-layout-flow\">\n<h3 class=\"wp-block-accordion-heading has-icon has-icon-right\"><button aria-expanded=\"false\" aria-controls=\"accordion-item-1-panel\" data-wp-bind--aria-expanded=\"state.isOpen\" data-wp-on--click=\"actions.toggle\" id=\"accordion-item-1\" type=\"button\" class=\"wp-block-accordion-heading__toggle\"><span class=\"wp-block-accordion-heading__toggle-title\"><mark style=\"background-color:rgba(0, 0, 0, 0);color:#161616\" class=\"has-inline-color\">Participation aux conf\u00e9rences<\/mark><\/span><span class=\"wp-block-accordion-heading__toggle-icon\" aria-hidden=\"true\">+<\/span><\/button><\/h3>\n\n\n\n<div aria-labelledby=\"accordion-item-1\" data-wp-bind--hidden=\"state.isHidden\" data-wp-on--beforematch=\"actions.handleBeforeMatch\" id=\"accordion-item-1-panel\" role=\"region\" class=\"wp-block-accordion-panel is-layout-flow wp-block-accordion-panel-is-layout-flow\">\n<p class=\"has-custom-css wp-custom-css-f7fdcd0c wp-block-paragraph\">Les intervenant\u00b7es pourront b\u00e9n\u00e9ficier d\u2019un tarif r\u00e9duit pour une inscription \u00e0 une journ\u00e9e ou \u00e0 l\u2019int\u00e9gralit\u00e9 de la conf\u00e9rence. Le tarif pour les intervenant\u00b7es ne peut \u00eatre cumul\u00e9 avec une bourse pour les fondations communautaires ou toute autre r\u00e9duction sur les frais d\u2019inscription.<\/p>\n\n\n\n<p class=\"has-custom-css wp-custom-css-8dcca60c wp-block-paragraph\">Nous sommes conscients que les frais d\u2019inscription peuvent constituer un obstacle pour certain\u00b7es participant\u00b7es. Un nombre limit\u00e9 de laissez-passer journaliers gratuits pourra \u00eatre mis \u00e0 la disposition de personnes qui, autrement, ne pourraient pas participer.<\/p>\n<\/div>\n<\/div>\n<\/div>\n\n\n\n<div data-wp-context=\"{ &quot;autoclose&quot;: false, &quot;accordionItems&quot;: [] }\" data-wp-interactive=\"core\/accordion\" role=\"group\" class=\"wp-block-accordion is-layout-flow wp-block-accordion-is-layout-flow\">\n<div data-wp-class--is-open=\"state.isOpen\" data-wp-context=\"{ &quot;id&quot;: &quot;accordion-item-2&quot;, &quot;openByDefault&quot;: false }\" data-wp-init=\"callbacks.initAccordionItems\" data-wp-on-window--hashchange=\"callbacks.hashChange\" class=\"wp-block-accordion-item is-layout-flow wp-block-accordion-item-is-layout-flow\">\n<h3 class=\"wp-block-accordion-heading has-icon has-icon-right\"><button aria-expanded=\"false\" aria-controls=\"accordion-item-2-panel\" data-wp-bind--aria-expanded=\"state.isOpen\" data-wp-on--click=\"actions.toggle\" id=\"accordion-item-2\" type=\"button\" class=\"wp-block-accordion-heading__toggle\"><span class=\"wp-block-accordion-heading__toggle-title\"><strong><mark style=\"background-color:rgba(0, 0, 0, 0);color:#161616\" class=\"has-inline-color\">Honoraires des intervenant\u00b7es<\/mark><\/strong><\/span><span class=\"wp-block-accordion-heading__toggle-icon\" aria-hidden=\"true\">+<\/span><\/button><\/h3>\n\n\n\n<div aria-labelledby=\"accordion-item-2\" data-wp-bind--hidden=\"state.isHidden\" data-wp-on--beforematch=\"actions.handleBeforeMatch\" id=\"accordion-item-2-panel\" role=\"region\" class=\"wp-block-accordion-panel is-layout-flow wp-block-accordion-panel-is-layout-flow\">\n<p class=\"has-custom-css wp-custom-css-3f87a6c3 wp-block-paragraph\">Conform\u00e9ment \u00e0 notre engagement en faveur d\u2019une plus grande \u00e9quit\u00e9 et d\u2019un meilleur acc\u00e8s, les intervenant\u00b7es peuvent choisir de recevoir une indemnit\u00e9 facultative de <strong>300 $ <\/strong>en reconnaissance du temps investi dans la pr\u00e9paration et l\u2019animation de leur s\u00e9ance. Des honoraires seront disponibles pour un maximum de deux intervenant\u00b7es par s\u00e9ance retenue.<\/p>\n\n\n\n<p class=\"has-custom-css wp-custom-css-cb7145ad wp-block-paragraph\">Nous remercions les personnes qui choisissent de renoncer aux honoraires car leur participation est prise en charge par leur employeur ou qu\u2019elles disposent par ailleurs des moyens n\u00e9cessaires pour assister \u00e0 la conf\u00e9rence et y pr\u00e9senter leur s\u00e9ance. Cela nous permet d\u2019apporter un soutien accru aux intervenant\u00b7es qui, autrement, ne pourraient pas participer.<\/p>\n<\/div>\n<\/div>\n<\/div>\n\n\n\n<div data-wp-context=\"{ &quot;autoclose&quot;: false, &quot;accordionItems&quot;: [] }\" data-wp-interactive=\"core\/accordion\" role=\"group\" class=\"wp-block-accordion is-layout-flow wp-block-accordion-is-layout-flow\">\n<div data-wp-class--is-open=\"state.isOpen\" data-wp-context=\"{ &quot;id&quot;: &quot;accordion-item-3&quot;, &quot;openByDefault&quot;: false }\" data-wp-init=\"callbacks.initAccordionItems\" data-wp-on-window--hashchange=\"callbacks.hashChange\" class=\"wp-block-accordion-item is-layout-flow wp-block-accordion-item-is-layout-flow\">\n<h3 class=\"wp-block-accordion-heading has-icon has-icon-right has-text-color has-link-color wp-elements-2\" style=\"color:#161616\"><button aria-expanded=\"false\" aria-controls=\"accordion-item-3-panel\" data-wp-bind--aria-expanded=\"state.isOpen\" data-wp-on--click=\"actions.toggle\" id=\"accordion-item-3\" type=\"button\" class=\"wp-block-accordion-heading__toggle\"><span class=\"wp-block-accordion-heading__toggle-title\"><strong><mark style=\"background-color:rgba(0, 0, 0, 0);color:#161616\" class=\"has-inline-color\">D\u00e9placement et h\u00e9bergement<\/mark><\/strong><\/span><span class=\"wp-block-accordion-heading__toggle-icon\" aria-hidden=\"true\">+<\/span><\/button><\/h3>\n\n\n\n<div aria-labelledby=\"accordion-item-3\" data-wp-bind--hidden=\"state.isHidden\" data-wp-on--beforematch=\"actions.handleBeforeMatch\" id=\"accordion-item-3-panel\" role=\"region\" class=\"wp-block-accordion-panel is-layout-flow wp-block-accordion-panel-is-layout-flow\">\n<p class=\"has-custom-css wp-custom-css-75d9811c wp-block-paragraph\">Les frais de d\u00e9placement et d\u2019h\u00e9bergement des intervenant\u00b7es sont g\u00e9n\u00e9ralement pris en charge par leur employeur ou leur organisme commanditaire. Pour les personnes qui ont besoin d\u2019un soutien financier suppl\u00e9mentaire, un financement limit\u00e9 est disponible pour couvrir les frais de d\u00e9placement et d\u2019h\u00e9bergement.<\/p>\n\n\n\n<p class=\"has-custom-css wp-custom-css-300815bc wp-block-paragraph\">Si les frais de d\u00e9placement ou d\u2019h\u00e9bergement vous emp\u00eachent de participer, veuillez nous le signaler dans votre demande. Nous travaillerons avec les intervenant\u00b7es s\u00e9lectionn\u00e9\u00b7es afin de d\u00e9terminer quel soutien pourrait \u00eatre disponible. Les demandes pour ce soutien demeureront confidentielles et ne seront pas divulgu\u00e9es \u00e0 d\u2019autres personnes que les membres de l\u2019\u00e9quipe de la conf\u00e9rence.<\/p>\n<\/div>\n<\/div>\n<\/div>\n\n\n\n<div data-wp-context=\"{ &quot;autoclose&quot;: false, &quot;accordionItems&quot;: [] }\" data-wp-interactive=\"core\/accordion\" role=\"group\" class=\"wp-block-accordion is-layout-flow wp-block-accordion-is-layout-flow\">\n<div data-wp-class--is-open=\"state.isOpen\" data-wp-context=\"{ &quot;id&quot;: &quot;accordion-item-4&quot;, &quot;openByDefault&quot;: false }\" data-wp-init=\"callbacks.initAccordionItems\" data-wp-on-window--hashchange=\"callbacks.hashChange\" class=\"wp-block-accordion-item is-layout-flow wp-block-accordion-item-is-layout-flow\">\n<h3 class=\"wp-block-accordion-heading has-icon has-icon-right\"><button aria-expanded=\"false\" aria-controls=\"accordion-item-4-panel\" data-wp-bind--aria-expanded=\"state.isOpen\" data-wp-on--click=\"actions.toggle\" id=\"accordion-item-4\" type=\"button\" class=\"wp-block-accordion-heading__toggle\"><span class=\"wp-block-accordion-heading__toggle-title\"><strong><mark style=\"background-color:rgba(0, 0, 0, 0);color:#161616\" class=\"has-inline-color\">Bourses pour les fondations communautaires<\/mark><\/strong><\/span><span class=\"wp-block-accordion-heading__toggle-icon\" aria-hidden=\"true\">+<\/span><\/button><\/h3>\n\n\n\n<div aria-labelledby=\"accordion-item-4\" data-wp-bind--hidden=\"state.isHidden\" data-wp-on--beforematch=\"actions.handleBeforeMatch\" id=\"accordion-item-4-panel\" role=\"region\" class=\"wp-block-accordion-panel is-layout-flow wp-block-accordion-panel-is-layout-flow\">\n<p class=\"has-custom-css wp-custom-css-c363e487 wp-block-paragraph\">Si vous assistez \u00e0 la conf\u00e9rence principalement \u00e0 titre de participant\u00b7e, et non d\u2019intervenant\u00b7e, veuillez consulter le <a href=\"https:\/\/communityfoundations.ca\/fr\/programme-de-bourses-pour-les-fondations-communautaires\/\" data-type=\"link\" data-id=\"https:\/\/communityfoundations.ca\/fr\/programme-de-bourses-pour-les-fondations-communautaires\/\" target=\"_blank\" rel=\"noopener\"><strong>programme de bourses pour les fondations communautaires<\/strong> <\/a>pour conna\u00eetre les aides financi\u00e8res offertes.<\/p>\n<\/div>\n<\/div>\n<\/div>\n\n\n\n<div style=\"height:60px\" aria-hidden=\"true\" class=\"wp-block-spacer\"><\/div>\n<\/div><\/div>\n\n\n\n<div class=\"wp-block-columns alignwide is-layout-flex wp-container-core-columns-is-layout-8f761849 wp-block-columns-is-layout-flex\">\n<div class=\"wp-block-column has-custom-css is-layout-flow wp-block-column-is-layout-flow wp-custom-css-9f32d133\">\n<div class=\"wp-block-group has-custom-css wp-custom-css-7bf0b808\"><div class=\"wp-block-group__inner-container is-layout-constrained wp-block-group-is-layout-constrained\">\n<h2 class=\"wp-block-heading has-custom-css wp-custom-css-870d54e7\"><strong><mark style=\"background-color:rgba(0, 0, 0, 0);color:#000000\" class=\"has-inline-color\">Avant de pr\u00e9senter une proposition<\/mark><\/strong><\/h2>\n\n\n\n<p class=\"has-custom-css wp-custom-css-233eb206 wp-block-paragraph\">Veuillez vous assurer que vous \u00eates en mesure de :<\/p>\n\n\n\n<ul class=\"wp-block-list\">\n<li class=\"has-custom-css has-text-color has-link-color wp-elements-3 wp-custom-css-0ec27789\" style=\"color:#000000\">participer en personne \u00e0 <strong>Pour l\u2019avenir<\/strong>\u2026 \u00e0 <strong>Winnipeg du 1er au 3 juin 2027<\/strong>;<\/li>\n\n\n\n<li class=\"has-custom-css wp-custom-css-dce26308\">collaborer \u00e0 l\u2019avance avec l\u2019\u00e9quipe de la conf\u00e9rence pour pr\u00e9parer votre s\u00e9ance;<\/li>\n\n\n\n<li class=\"has-custom-css wp-custom-css-e04cd2da\">concevoir et fournir toutes les ressources n\u00e9cessaires aux participant\u00b7es.<\/li>\n<\/ul>\n\n\n\n<div style=\"height:75px\" aria-hidden=\"true\" class=\"wp-block-spacer\"><\/div>\n<\/div><\/div>\n<\/div>\n\n\n\n<div class=\"wp-block-column has-custom-css is-layout-flow wp-block-column-is-layout-flow wp-custom-css-65566f26\">\n<div class=\"wp-block-group has-custom-css wp-custom-css-a9e7d30b\"><div class=\"wp-block-group__inner-container is-layout-constrained wp-block-group-is-layout-constrained\">\n<h2 class=\"wp-block-heading has-custom-css wp-custom-css-72ed6710\"><strong><mark style=\"background-color:rgba(0, 0, 0, 0);color:#000000\" class=\"has-inline-color\">Soumettre votre proposition<\/mark><\/strong><\/h2>\n\n\n\n<p class=\"has-custom-css wp-custom-css-d17fd55b wp-block-paragraph\">Veuillez soumettre votre proposition avant le <strong>30 septembre 2026<\/strong> en utilisant le formulaire de demande en ligne.<\/p>\n\n\n\n<p class=\"has-custom-css wp-custom-css-82c28a19 wp-block-paragraph\">Les candidat\u00b7es seront inform\u00e9\u00b7es \u00e0 l\u2019issue du processus d\u2019examen.<\/p>\n\n\n\n<div class=\"wp-block-buttons is-content-justification-left is-layout-flex wp-container-core-buttons-is-layout-63375db1 wp-block-buttons-is-layout-flex\">\n<div class=\"wp-block-button ftfo-cfp-button\"><a class=\"wp-block-button__link wp-element-button\" href=\"https:\/\/forms.zohopublic.com\/cfcfcc\/form\/ForTheFutureOfCallforProposalsSubmissionForm1\/formperma\/UGb8wcBZ073hMfRr4ReRIlgmGcQ4AYOM1o896GM0o44\" target=\"_blank\" rel=\"noopener\"><strong>Soumettre votre proposition<\/strong><\/a><\/div>\n<\/div>\n\n\n\n<div style=\"height:100px\" aria-hidden=\"true\" class=\"wp-block-spacer\"><\/div>\n<\/div><\/div>\n<\/div>\n<\/div>\n\n\n\n<div style=\"height:40px\" aria-hidden=\"true\" class=\"wp-block-spacer\"><\/div>\n\n\n\n<div class=\"wp-block-columns ftfo-questions-panel has-custom-css is-layout-flex wp-container-core-columns-is-layout-8f761849 wp-block-columns-is-layout-flex wp-custom-css-281c0b47\">\n<div class=\"wp-block-column ftfo-questions-panel has-custom-css is-layout-flow wp-block-column-is-layout-flow wp-custom-css-dcbed95e\" style=\"flex-basis:50%\">\n<h2 class=\"wp-block-heading has-text-align-center has-custom-css has-text-color has-link-color wp-elements-4 wp-custom-css-309dcadd\" style=\"color:#ffffff;font-size:68px\"><strong><mark style=\"background-color:rgba(0, 0, 0, 0);color:#1b1818\" class=\"has-inline-color\">Des questions?<\/mark><\/strong><\/h2>\n<\/div>\n\n\n\n<div class=\"wp-block-column has-custom-css is-layout-flow wp-block-column-is-layout-flow wp-custom-css-513565d5\" style=\"flex-basis:60%\">\n<div class=\"wp-block-group alignwide ftfo-questions-copy has-custom-css wp-custom-css-d2e0c49c\"><div class=\"wp-block-group__inner-container is-layout-constrained wp-block-group-is-layout-constrained\">\n<p class=\"has-custom-css wp-custom-css-d4e15ccf wp-block-paragraph\"><mark style=\"background-color:rgba(0, 0, 0, 0);color:#000000\" class=\"has-inline-color\">Envoyez un courriel \u00e0 Alyssa \u00e0 l\u2019adresse suivante : <\/mark><strong><a href=\"mailto:conference@communityfoundations.ca\"><em>conference@communityfoundations.ca<\/em><\/a><\/strong><\/p>\n\n\n\n<p class=\"has-custom-css has-text-color has-link-color wp-elements-5 wp-custom-css-6863938a wp-block-paragraph\" style=\"color:#ffffff\"><mark style=\"background-color:rgba(0, 0, 0, 0);color:#080808\" class=\"has-inline-color\">Vous souhaitez assister \u00e0 la conf\u00e9rence plut\u00f4t que d\u2019y faire une pr\u00e9sentation? Les inscriptions ouvriront \u00e0 <strong>l\u2019automne 2026<\/strong>.<\/mark><\/p>\n\n\n\n<p class=\"has-text-align-left has-custom-css has-text-color has-link-color wp-elements-6 wp-custom-css-8eeeb2a6 wp-block-paragraph\" style=\"color:#ffffff\"><mark style=\"background-color:rgba(0, 0, 0, 0);color:#000000\" class=\"has-inline-color\">Vous avez besoin d\u2019aide financi\u00e8re? <strong>D\u00e9couvrez les bourses pour les fondations communautaires<\/strong>.<\/mark><\/p>\n\n\n\n<p class=\"has-custom-css has-text-color has-link-color wp-elements-7 wp-custom-css-4e7f5b13 wp-block-paragraph\" style=\"color:#ffffff\"><mark style=\"background-color:rgba(0, 0, 0, 0);color:#040404\" class=\"has-inline-color\">Merci d\u2019envisager de soumettre une proposition. Nous avons h\u00e2te d\u2019apprendre avec vous \u00e0 Winnipeg!<\/mark><\/p>\n<\/div><\/div>\n<\/div>\n<\/div>\n\n\n\n<p class=\"wp-block-paragraph\"><\/p>\n","protected":false},"excerpt":{"rendered":"<p>Vous pouvez contribuer \u00e0 fa\u00e7onner Pour l\u2019avenir&#8230; en partageant votre exp\u00e9rience, vos questions et vos id\u00e9es. Partout au Canada, les fondations communautaires \u2013 ainsi que les personnes et les organismes avec lesquels elles collaborent \u2013 aident les communaut\u00e9s \u00e0 traverser l\u2019incertitude, \u00e0 renforcer les liens de confiance, \u00e0 s\u2019adapter au changement et \u00e0 investir dans [&hellip;]<\/p>\n","protected":false},"author":22,"featured_media":48325,"parent":0,"menu_order":0,"comment_status":"closed","ping_status":"closed","template":"","meta":{"footnotes":""},"class_list":["post-48092","page","type-page","status-publish","has-post-thumbnail","hentry"],"acf":[],"_links":{"self":[{"href":"https:\/\/communityfoundations.ca\/fr\/wp-json\/wp\/v2\/pages\/48092","targetHints":{"allow":["GET"]}}],"collection":[{"href":"https:\/\/communityfoundations.ca\/fr\/wp-json\/wp\/v2\/pages"}],"about":[{"href":"https:\/\/communityfoundations.ca\/fr\/wp-json\/wp\/v2\/types\/page"}],"author":[{"embeddable":true,"href":"https:\/\/communityfoundations.ca\/fr\/wp-json\/wp\/v2\/users\/22"}],"replies":[{"embeddable":true,"href":"https:\/\/communityfoundations.ca\/fr\/wp-json\/wp\/v2\/comments?post=48092"}],"version-history":[{"count":63,"href":"https:\/\/communityfoundations.ca\/fr\/wp-json\/wp\/v2\/pages\/48092\/revisions"}],"predecessor-version":[{"id":48534,"href":"https:\/\/communityfoundations.ca\/fr\/wp-json\/wp\/v2\/pages\/48092\/revisions\/48534"}],"wp:featuredmedia":[{"embeddable":true,"href":"https:\/\/communityfoundations.ca\/fr\/wp-json\/wp\/v2\/media\/48325"}],"wp:attachment":[{"href":"https:\/\/communityfoundations.ca\/fr\/wp-json\/wp\/v2\/media?parent=48092"}],"curies":[{"name":"wp","href":"https:\/\/api.w.org\/{rel}","templated":true}]}}