{"id":28285,"date":"2020-10-23T16:33:21","date_gmt":"2020-10-23T20:33:21","guid":{"rendered":"https:\/\/communityfoundations.ca\/?post_type=person&#038;p=28285"},"modified":"2025-09-11T16:22:54","modified_gmt":"2025-09-11T20:22:54","slug":"alyssa-becker","status":"publish","type":"person","link":"https:\/\/communityfoundations.ca\/fr\/person\/alyssa-becker\/","title":{"rendered":"Alyssa Becker"},"content":{"rendered":"\n<p>Alyssa apporte \u00e0 Fondations communautaires du Canada une vaste exp\u00e9rience en tant que directrice des op\u00e9rations, chef et performeuse. Elle est dipl\u00f4m\u00e9e du programme musique et arts de la sc\u00e8ne, au Coll\u00e8ge Sheridan, et du programme d\u2019art culinaire fran\u00e7ais au Coll\u00e8ge George Brown, \u00e0 Toronto. Ces dix derni\u00e8res ann\u00e9es, Alyssa a cuisin\u00e9 et travaill\u00e9 aux c\u00f4t\u00e9s d\u2019organismes qui se pr\u00e9occupent de la durabilit\u00e9 environnementale, de la sant\u00e9, de l\u2019\u00e9ducation, et de la s\u00e9curit\u00e9 de l\u2019approvisionnement en produits alimentaires et en eau. Elle est ravie de faire partie d\u2019une \u00e9quipe qui s\u2019efforce d\u2019am\u00e9liorer le bien-\u00eatre communautaire et qui reconna\u00eet l\u2019importance de l\u2019inclusion et de l\u2019appartenance.<\/p>\n","protected":false},"featured_media":28278,"parent":0,"template":"","class_list":["post-28285","person","type-person","status-publish","has-post-thumbnail","hentry","team-personnel"],"acf":[],"_links":{"self":[{"href":"https:\/\/communityfoundations.ca\/fr\/wp-json\/wp\/v2\/person\/28285","targetHints":{"allow":["GET"]}}],"collection":[{"href":"https:\/\/communityfoundations.ca\/fr\/wp-json\/wp\/v2\/person"}],"about":[{"href":"https:\/\/communityfoundations.ca\/fr\/wp-json\/wp\/v2\/types\/person"}],"wp:featuredmedia":[{"embeddable":true,"href":"https:\/\/communityfoundations.ca\/fr\/wp-json\/wp\/v2\/media\/28278"}],"wp:attachment":[{"href":"https:\/\/communityfoundations.ca\/fr\/wp-json\/wp\/v2\/media?parent=28285"}],"curies":[{"name":"wp","href":"https:\/\/api.w.org\/{rel}","templated":true}]}}