{"id":41082,"date":"2024-03-19T13:32:35","date_gmt":"2024-03-19T17:32:35","guid":{"rendered":"https:\/\/communityfoundations.ca\/?post_type=person&#038;p=41082"},"modified":"2026-01-13T11:19:45","modified_gmt":"2026-01-13T16:19:45","slug":"nancy-perry-dossous","status":"publish","type":"person","link":"https:\/\/communityfoundations.ca\/fr\/person\/nancy-perry-dossous\/","title":{"rendered":"Nancy Perry Dossous"},"content":{"rendered":"\n<p><\/p>\n\n\n\n<p>Directrice des partenariats \u00e0 Fondations communautaires du Canada (FCC), Nancy apporte \u00e0 l\u2019\u00e9quipe sa riche exp\u00e9rience dans le domaine de la philanthropie li\u00e9e au secteur des services sociaux et des soins de sant\u00e9, ainsi que ses pr\u00e9cieuses connaissances pour faire avancer des causes qui ont un impact communautaire. Elle s\u2019est jointe \u00e0 FCC en 2024 et elle dirige l\u2019\u00e9laboration et la mise en \u0153uvre de la strat\u00e9gie novatrice de partenariat de FCC, en collaboration avec des partenaires corporatifs, philanthropiques et gouvernementaux pour faire progresser la mission de FCC par l\u2019interm\u00e9diaire de contributions financi\u00e8res et non financi\u00e8res importantes.<\/p>\n\n\n\n<p>Forte de plus d\u2019une dizaine d\u2019ann\u00e9es d\u2019exp\u00e9rience, Nancy a approfondi ses comp\u00e9tences en collecte de fonds et en \u00e9tablissement de relations et de contacts strat\u00e9giques et a su obtenir des r\u00e9sultats concrets en tirant parti de la philanthropie en tant que force dynamique du changement social. Avant de se joindre \u00e0 FCC, elle a connu un succ\u00e8s remarquable \u00e0 titre de directrice du d\u00e9veloppement de la Fondation du Centre universitaire de sant\u00e9 McGill, en recueillant des millions de dollars pour la recherche dans le domaine des soins de sant\u00e9 et de l\u2019innovation. Pr\u00f4nant l\u2019\u00e9galit\u00e9 en mati\u00e8re de sant\u00e9, Nancy a \u00e9galement men\u00e9 des initiatives de financement visant l\u2019am\u00e9lioration des r\u00e9sultats en sant\u00e9 pour les femmes et les communaut\u00e9s racialis\u00e9es.<\/p>\n\n\n\n<p>L&rsquo;engagement de Nancy va au-del\u00e0 de ses fonctions professionnelles. Elle participe \u00e9galement \u00e0 des activit\u00e9s de b\u00e9n\u00e9volat. Elle est membre du conseil d\u2019administration du Collectif Bienvenue, \u00e0 Montr\u00e9al, et de celui de l\u2019Association des professionnels en collecte de fonds du Canada. D\u00e9tentrice du titre de professionnelle en collecte de fonds (CFRE), elle est \u00e9galement titulaire d\u2019un baccalaur\u00e9at en relations publiques de l\u2019Universit\u00e9 Kent State et d\u2019un certificat en gestion de collecte de fonds de l\u2019Universit\u00e9 Toronto Metropolitan.<\/p>\n\n\n\n<p>\u00c0 l\u2019ext\u00e9rieur du travail, Nancy s\u2019int\u00e9resse notamment \u00e0 la sant\u00e9 et au bien-\u00eatre, aime les voyages et participe aux diverses activit\u00e9s artistiques et culturelles \u00e0 Montr\u00e9al avec sa famille.<\/p>\n","protected":false},"featured_media":41083,"parent":0,"template":"","class_list":["post-41082","person","type-person","status-publish","has-post-thumbnail","hentry","team-personnel"],"acf":[],"_links":{"self":[{"href":"https:\/\/communityfoundations.ca\/fr\/wp-json\/wp\/v2\/person\/41082","targetHints":{"allow":["GET"]}}],"collection":[{"href":"https:\/\/communityfoundations.ca\/fr\/wp-json\/wp\/v2\/person"}],"about":[{"href":"https:\/\/communityfoundations.ca\/fr\/wp-json\/wp\/v2\/types\/person"}],"wp:featuredmedia":[{"embeddable":true,"href":"https:\/\/communityfoundations.ca\/fr\/wp-json\/wp\/v2\/media\/41083"}],"wp:attachment":[{"href":"https:\/\/communityfoundations.ca\/fr\/wp-json\/wp\/v2\/media?parent=41082"}],"curies":[{"name":"wp","href":"https:\/\/api.w.org\/{rel}","templated":true}]}}